{"id":29,"date":"2025-08-02T08:47:57","date_gmt":"2025-08-02T08:47:57","guid":{"rendered":"https:\/\/www.antoine-valentin.fr\/?page_id=29"},"modified":"2025-11-14T09:39:34","modified_gmt":"2025-11-14T09:39:34","slug":"tribunes","status":"publish","type":"page","link":"https:\/\/www.antoine-valentin.fr\/?page_id=29","title":{"rendered":"Tribunes"},"content":{"rendered":"\t\t<div data-elementor-type=\"wp-page\" data-elementor-id=\"29\" class=\"elementor elementor-29\">\n\t\t\t\t\t\t<section class=\"elementor-section elementor-top-section elementor-element elementor-element-b772030 elementor-section-boxed elementor-section-height-default elementor-section-height-default\" data-id=\"b772030\" data-element_type=\"section\">\n\t\t\t\t\t\t<div class=\"elementor-container elementor-column-gap-default\">\n\t\t\t\t\t<div class=\"elementor-column elementor-col-100 elementor-top-column elementor-element elementor-element-d812143\" data-id=\"d812143\" data-element_type=\"column\">\n\t\t\t<div class=\"elementor-widget-wrap elementor-element-populated\">\n\t\t\t\t\t\t<div class=\"elementor-element elementor-element-6fad5c8 elementor-widget elementor-widget-spacer\" data-id=\"6fad5c8\" data-element_type=\"widget\" data-widget_type=\"spacer.default\">\n\t\t\t\t<div class=\"elementor-widget-container\">\n\t\t\t\t\t\t\t<div class=\"elementor-spacer\">\n\t\t\t<div class=\"elementor-spacer-inner\"><\/div>\n\t\t<\/div>\n\t\t\t\t\t\t<\/div>\n\t\t\t\t<\/div>\n\t\t\t\t<section class=\"elementor-section elementor-inner-section elementor-element elementor-element-cfbe15d elementor-section-boxed elementor-section-height-default elementor-section-height-default\" data-id=\"cfbe15d\" data-element_type=\"section\">\n\t\t\t\t\t\t<div class=\"elementor-container elementor-column-gap-default\">\n\t\t\t\t\t<div class=\"elementor-column elementor-col-50 elementor-inner-column elementor-element elementor-element-6f7facb\" data-id=\"6f7facb\" data-element_type=\"column\">\n\t\t\t<div class=\"elementor-widget-wrap elementor-element-populated\">\n\t\t\t\t\t\t<div class=\"elementor-element elementor-element-7875144 elementor-widget elementor-widget-image\" data-id=\"7875144\" data-element_type=\"widget\" data-widget_type=\"image.default\">\n\t\t\t\t<div class=\"elementor-widget-container\">\n\t\t\t\t\t\t\t\t\t\t\t\t\t\t\t\t<a href=\"https:\/\/www.lefigaro.fr\/vox\/societe\/face-aux-pedocriminels-la-republique-ne-peut-plus-trembler-et-doit-engager-un-tournant-brutal-20250916\">\n\t\t\t\t\t\t\t<img fetchpriority=\"high\" decoding=\"async\" width=\"704\" height=\"396\" src=\"https:\/\/www.antoine-valentin.fr\/wp-content\/uploads\/2025\/11\/770cb516bb31a1da10984f85afcd0d1cc3687ed6bfba277d00961aaed482707f.webp\" class=\"attachment-large size-large wp-image-62\" alt=\"Antoine valentin tribune le figaro\" srcset=\"https:\/\/www.antoine-valentin.fr\/wp-content\/uploads\/2025\/11\/770cb516bb31a1da10984f85afcd0d1cc3687ed6bfba277d00961aaed482707f.webp 704w, https:\/\/www.antoine-valentin.fr\/wp-content\/uploads\/2025\/11\/770cb516bb31a1da10984f85afcd0d1cc3687ed6bfba277d00961aaed482707f-300x169.webp 300w\" sizes=\"(max-width: 704px) 100vw, 704px\" \/>\t\t\t\t\t\t\t\t<\/a>\n\t\t\t\t\t\t\t\t\t\t\t\t\t\t\t<\/div>\n\t\t\t\t<\/div>\n\t\t\t\t\t<\/div>\n\t\t<\/div>\n\t\t\t\t<div class=\"elementor-column elementor-col-50 elementor-inner-column elementor-element elementor-element-8112823\" data-id=\"8112823\" data-element_type=\"column\">\n\t\t\t<div class=\"elementor-widget-wrap elementor-element-populated\">\n\t\t\t\t\t\t<div class=\"elementor-element elementor-element-3a07bc0 elementor-widget__width-initial elementor-widget elementor-widget-heading\" data-id=\"3a07bc0\" data-element_type=\"widget\" data-widget_type=\"heading.default\">\n\t\t\t\t<div class=\"elementor-widget-container\">\n\t\t\t\t\t<h2 class=\"elementor-heading-title elementor-size-default\"><a href=\"https:\/\/www.lefigaro.fr\/vox\/societe\/face-aux-pedocriminels-la-republique-ne-peut-plus-trembler-et-doit-engager-un-tournant-brutal-20250916\"><h1 style=\"border: 0px;font-weight: 700;line-height: 1.35714;, Garamond, Palatino, serif;font-size: 1.75rem;margin: 24px 0px 16px;padding: 0px;vertical-align: initial\"><span style=\"font-size: 1.75rem\">\u00abFace aux p\u00e9docriminels, la R\u00e9publique ne peut plus trembler et doit engager un tournant brutal\u00bb Le Figaro<\/span><span style=\"font-family: Roboto, sans-serif;font-size: 2rem\"><\/span><\/h1><\/a><\/h2>\t\t\t\t<\/div>\n\t\t\t\t<\/div>\n\t\t\t\t<div class=\"elementor-element elementor-element-dfc2621 elementor-widget elementor-widget-text-editor\" data-id=\"dfc2621\" data-element_type=\"widget\" data-widget_type=\"text-editor.default\">\n\t\t\t\t<div class=\"elementor-widget-container\">\n\t\t\t\t\t\t\t\t\t<p>Les maigres peines dont \u00e9copent les p\u00e9docriminels scellent l\u2019effondrement judiciaire. Antoine Valentin d\u00e9plore un \u00c9tat qui tourne le dos aux victimes les plus vuln\u00e9rables et en appelle \u00e0 un sursaut r\u00e9publicain.<\/p>\t\t\t\t\t\t\t\t<\/div>\n\t\t\t\t<\/div>\n\t\t\t\t\t<\/div>\n\t\t<\/div>\n\t\t\t\t\t<\/div>\n\t\t<\/section>\n\t\t\t\t\t<\/div>\n\t\t<\/div>\n\t\t\t\t\t<\/div>\n\t\t<\/section>\n\t\t\t\t<section class=\"elementor-section elementor-top-section elementor-element elementor-element-d5a3a4f elementor-section-boxed elementor-section-height-default elementor-section-height-default\" data-id=\"d5a3a4f\" data-element_type=\"section\">\n\t\t\t\t\t\t<div class=\"elementor-container elementor-column-gap-default\">\n\t\t\t\t\t<div class=\"elementor-column elementor-col-100 elementor-top-column elementor-element elementor-element-7cfdfdd\" data-id=\"7cfdfdd\" data-element_type=\"column\">\n\t\t\t<div class=\"elementor-widget-wrap elementor-element-populated\">\n\t\t\t\t\t\t<div class=\"elementor-element elementor-element-7e4b7ea elementor-widget elementor-widget-spacer\" data-id=\"7e4b7ea\" data-element_type=\"widget\" data-widget_type=\"spacer.default\">\n\t\t\t\t<div class=\"elementor-widget-container\">\n\t\t\t\t\t\t\t<div class=\"elementor-spacer\">\n\t\t\t<div class=\"elementor-spacer-inner\"><\/div>\n\t\t<\/div>\n\t\t\t\t\t\t<\/div>\n\t\t\t\t<\/div>\n\t\t\t\t<section class=\"elementor-section elementor-inner-section elementor-element elementor-element-4fec2c0 elementor-section-boxed elementor-section-height-default elementor-section-height-default\" data-id=\"4fec2c0\" data-element_type=\"section\">\n\t\t\t\t\t\t<div class=\"elementor-container elementor-column-gap-default\">\n\t\t\t\t\t<div class=\"elementor-column elementor-col-50 elementor-inner-column elementor-element elementor-element-c84df90\" data-id=\"c84df90\" data-element_type=\"column\">\n\t\t\t<div class=\"elementor-widget-wrap elementor-element-populated\">\n\t\t\t\t\t\t<div class=\"elementor-element elementor-element-b14ad86 elementor-widget elementor-widget-image\" data-id=\"b14ad86\" data-element_type=\"widget\" data-widget_type=\"image.default\">\n\t\t\t\t<div class=\"elementor-widget-container\">\n\t\t\t\t\t\t\t\t\t\t\t\t\t\t\t\t<a href=\"https:\/\/www.lefigaro.fr\/vox\/religion\/croix-vandalisee-en-haute-savoie-quand-la-republique-oublie-ses-racines-20250620\">\n\t\t\t\t\t\t\t<img decoding=\"async\" width=\"704\" height=\"396\" src=\"https:\/\/www.antoine-valentin.fr\/wp-content\/uploads\/2025\/11\/ea98b90073dae95b190ae9de97933eb12dc883c5bad631ffacf42f237a2560c7.webp\" class=\"attachment-large size-large wp-image-63\" alt=\"tribune Antoine Valentin Haute-Savoie\" srcset=\"https:\/\/www.antoine-valentin.fr\/wp-content\/uploads\/2025\/11\/ea98b90073dae95b190ae9de97933eb12dc883c5bad631ffacf42f237a2560c7.webp 704w, https:\/\/www.antoine-valentin.fr\/wp-content\/uploads\/2025\/11\/ea98b90073dae95b190ae9de97933eb12dc883c5bad631ffacf42f237a2560c7-300x169.webp 300w\" sizes=\"(max-width: 704px) 100vw, 704px\" \/>\t\t\t\t\t\t\t\t<\/a>\n\t\t\t\t\t\t\t\t\t\t\t\t\t\t\t<\/div>\n\t\t\t\t<\/div>\n\t\t\t\t\t<\/div>\n\t\t<\/div>\n\t\t\t\t<div class=\"elementor-column elementor-col-50 elementor-inner-column elementor-element elementor-element-53144a5\" data-id=\"53144a5\" data-element_type=\"column\">\n\t\t\t<div class=\"elementor-widget-wrap elementor-element-populated\">\n\t\t\t\t\t\t<div class=\"elementor-element elementor-element-0184f3c elementor-widget__width-initial elementor-widget elementor-widget-heading\" data-id=\"0184f3c\" data-element_type=\"widget\" data-widget_type=\"heading.default\">\n\t\t\t\t<div class=\"elementor-widget-container\">\n\t\t\t\t\t<h2 class=\"elementor-heading-title elementor-size-default\"><a href=\"https:\/\/www.lefigaro.fr\/vox\/religion\/croix-vandalisee-en-haute-savoie-quand-la-republique-oublie-ses-racines-20250620\"><h1 style=\"border: 0px;font-weight: 700;line-height: 1.35714;, Garamond, Palatino, serif;font-size: 1.75rem;margin: 24px 0px 16px;padding: 0px;vertical-align: initial\"><span style=\"font-size: 1.75rem\">\u00abCroix vandalis\u00e9e en Haute-Savoie&nbsp;: quand la R\u00e9publique oublie ses racines\u00bb<\/span><span style=\"font-size: 1.75rem\">&nbsp;Le Figaro<\/span><span style=\"font-family: Roboto, sans-serif;font-size: 2rem\"><\/span><\/h1><\/a><\/h2>\t\t\t\t<\/div>\n\t\t\t\t<\/div>\n\t\t\t\t<div class=\"elementor-element elementor-element-de32ff1 elementor-widget elementor-widget-text-editor\" data-id=\"de32ff1\" data-element_type=\"widget\" data-widget_type=\"text-editor.default\">\n\t\t\t\t<div class=\"elementor-widget-container\">\n\t\t\t\t\t\t\t\t\t<p>Une croix install\u00e9e mi-juin sur une montagne en Haute-Savoie a \u00e9t\u00e9 vandalis\u00e9e apr\u00e8s quelques jours. Le maire DVD de Saint-Jeoire (Haute-Savoie), Antoine Valentin, y voit un effacement des racines chr\u00e9tiennes et un attentisme de l\u2019\u00c9tat face \u00e0 l\u2019islamisme.<\/p>\t\t\t\t\t\t\t\t<\/div>\n\t\t\t\t<\/div>\n\t\t\t\t\t<\/div>\n\t\t<\/div>\n\t\t\t\t\t<\/div>\n\t\t<\/section>\n\t\t\t\t<div class=\"elementor-element elementor-element-2168f18 elementor-widget elementor-widget-spacer\" data-id=\"2168f18\" data-element_type=\"widget\" data-widget_type=\"spacer.default\">\n\t\t\t\t<div class=\"elementor-widget-container\">\n\t\t\t\t\t\t\t<div class=\"elementor-spacer\">\n\t\t\t<div class=\"elementor-spacer-inner\"><\/div>\n\t\t<\/div>\n\t\t\t\t\t\t<\/div>\n\t\t\t\t<\/div>\n\t\t\t\t\t<\/div>\n\t\t<\/div>\n\t\t\t\t\t<\/div>\n\t\t<\/section>\n\t\t\t\t<section class=\"elementor-section elementor-top-section elementor-element elementor-element-63fe9f3 elementor-section-boxed elementor-section-height-default elementor-section-height-default\" data-id=\"63fe9f3\" data-element_type=\"section\">\n\t\t\t\t\t\t<div class=\"elementor-container elementor-column-gap-default\">\n\t\t\t\t\t<div class=\"elementor-column elementor-col-100 elementor-top-column elementor-element elementor-element-6c6c97d\" data-id=\"6c6c97d\" data-element_type=\"column\">\n\t\t\t<div class=\"elementor-widget-wrap elementor-element-populated\">\n\t\t\t\t\t\t<section class=\"elementor-section elementor-inner-section elementor-element elementor-element-cc276ec elementor-section-boxed elementor-section-height-default elementor-section-height-default\" data-id=\"cc276ec\" data-element_type=\"section\">\n\t\t\t\t\t\t<div class=\"elementor-container elementor-column-gap-default\">\n\t\t\t\t\t<div class=\"elementor-column elementor-col-50 elementor-inner-column elementor-element elementor-element-ce0d138\" data-id=\"ce0d138\" data-element_type=\"column\">\n\t\t\t<div class=\"elementor-widget-wrap elementor-element-populated\">\n\t\t\t\t\t\t<div class=\"elementor-element elementor-element-7e5812f elementor-widget elementor-widget-image\" data-id=\"7e5812f\" data-element_type=\"widget\" data-widget_type=\"image.default\">\n\t\t\t\t<div class=\"elementor-widget-container\">\n\t\t\t\t\t\t\t\t\t\t\t\t\t\t\t\t<a href=\"https:\/\/www.lefigaro.fr\/vox\/politique\/printemps-sanglant-en-haute-savoie-un-maire-rural-face-a-la-hausse-de-la-violence-20250514\">\n\t\t\t\t\t\t\t<img decoding=\"async\" width=\"704\" height=\"396\" src=\"https:\/\/www.antoine-valentin.fr\/wp-content\/uploads\/2025\/11\/60f3cedf7a628bdc884948c7ee5707c431a45720312a1a42ad0b6152faca5a50.webp\" class=\"attachment-large size-large wp-image-64\" alt=\"Antoine valentin maire tribune s\u00e9curit\u00e9\" srcset=\"https:\/\/www.antoine-valentin.fr\/wp-content\/uploads\/2025\/11\/60f3cedf7a628bdc884948c7ee5707c431a45720312a1a42ad0b6152faca5a50.webp 704w, https:\/\/www.antoine-valentin.fr\/wp-content\/uploads\/2025\/11\/60f3cedf7a628bdc884948c7ee5707c431a45720312a1a42ad0b6152faca5a50-300x169.webp 300w\" sizes=\"(max-width: 704px) 100vw, 704px\" \/>\t\t\t\t\t\t\t\t<\/a>\n\t\t\t\t\t\t\t\t\t\t\t\t\t\t\t<\/div>\n\t\t\t\t<\/div>\n\t\t\t\t\t<\/div>\n\t\t<\/div>\n\t\t\t\t<div class=\"elementor-column elementor-col-50 elementor-inner-column elementor-element elementor-element-3aafe71\" data-id=\"3aafe71\" data-element_type=\"column\">\n\t\t\t<div class=\"elementor-widget-wrap elementor-element-populated\">\n\t\t\t\t\t\t<div class=\"elementor-element elementor-element-96561da elementor-widget__width-initial elementor-widget elementor-widget-heading\" data-id=\"96561da\" data-element_type=\"widget\" data-widget_type=\"heading.default\">\n\t\t\t\t<div class=\"elementor-widget-container\">\n\t\t\t\t\t<h2 class=\"elementor-heading-title elementor-size-default\"><a href=\"https:\/\/www.lefigaro.fr\/vox\/politique\/printemps-sanglant-en-haute-savoie-un-maire-rural-face-a-la-hausse-de-la-violence-20250514\"><h1 style=\"border: 0px;font-weight: 700;line-height: 1.35714;, Garamond, Palatino, serif;font-size: 1.75rem;margin: 24px 0px 16px;padding: 0px;vertical-align: initial\"><span style=\"font-size: 1.75rem\">\u00abPrintemps sanglant en Haute-Savoie\u00bb&nbsp;: un maire rural face \u00e0 la hausse de la violence<\/span><span style=\"font-family: Roboto, sans-serif;font-size: 2rem\"><\/span><\/h1><\/a><\/h2>\t\t\t\t<\/div>\n\t\t\t\t<\/div>\n\t\t\t\t<div class=\"elementor-element elementor-element-0ad4a14 elementor-widget elementor-widget-text-editor\" data-id=\"0ad4a14\" data-element_type=\"widget\" data-widget_type=\"text-editor.default\">\n\t\t\t\t<div class=\"elementor-widget-container\">\n\t\t\t\t\t\t\t\t\t<p>Alors que les drames et les violences se sont multipli\u00e9s depuis le d\u00e9but du mois de mai en Haute-Savoie, le maire de Saint-Jeoire, Antoine Valentin, alerte sur les risques s\u00e9curitaires qui p\u00e8sent sur son d\u00e9partement, et sur toute la France.<\/p>\t\t\t\t\t\t\t\t<\/div>\n\t\t\t\t<\/div>\n\t\t\t\t\t<\/div>\n\t\t<\/div>\n\t\t\t\t\t<\/div>\n\t\t<\/section>\n\t\t\t\t<div class=\"elementor-element elementor-element-4bcd4ba elementor-widget elementor-widget-spacer\" data-id=\"4bcd4ba\" data-element_type=\"widget\" data-widget_type=\"spacer.default\">\n\t\t\t\t<div class=\"elementor-widget-container\">\n\t\t\t\t\t\t\t<div class=\"elementor-spacer\">\n\t\t\t<div class=\"elementor-spacer-inner\"><\/div>\n\t\t<\/div>\n\t\t\t\t\t\t<\/div>\n\t\t\t\t<\/div>\n\t\t\t\t\t<\/div>\n\t\t<\/div>\n\t\t\t\t\t<\/div>\n\t\t<\/section>\n\t\t\t\t<section class=\"elementor-section elementor-top-section elementor-element elementor-element-61e182c elementor-section-boxed elementor-section-height-default elementor-section-height-default\" data-id=\"61e182c\" data-element_type=\"section\">\n\t\t\t\t\t\t<div class=\"elementor-container elementor-column-gap-default\">\n\t\t\t\t\t<div class=\"elementor-column elementor-col-100 elementor-top-column elementor-element elementor-element-3fef6f2\" data-id=\"3fef6f2\" data-element_type=\"column\">\n\t\t\t<div class=\"elementor-widget-wrap elementor-element-populated\">\n\t\t\t\t\t\t<section class=\"elementor-section elementor-inner-section elementor-element elementor-element-44132c3 elementor-section-boxed elementor-section-height-default elementor-section-height-default\" data-id=\"44132c3\" data-element_type=\"section\">\n\t\t\t\t\t\t<div class=\"elementor-container elementor-column-gap-default\">\n\t\t\t\t\t<div class=\"elementor-column elementor-col-50 elementor-inner-column elementor-element elementor-element-3ad0c88\" data-id=\"3ad0c88\" data-element_type=\"column\">\n\t\t\t<div class=\"elementor-widget-wrap elementor-element-populated\">\n\t\t\t\t\t\t<div class=\"elementor-element elementor-element-6adcac2 elementor-widget elementor-widget-image\" data-id=\"6adcac2\" data-element_type=\"widget\" data-widget_type=\"image.default\">\n\t\t\t\t<div class=\"elementor-widget-container\">\n\t\t\t\t\t\t\t\t\t\t\t\t\t\t\t\t<a href=\"https:\/\/www.lefigaro.fr\/vox\/societe\/les-terroristes-islamistes-ciblent-aussi-la-france-des-champs-20231208\">\n\t\t\t\t\t\t\t<img loading=\"lazy\" decoding=\"async\" width=\"704\" height=\"396\" src=\"https:\/\/www.antoine-valentin.fr\/wp-content\/uploads\/2025\/11\/9ea95d8fe77ba93ad59c4db7252390c1b00dccc607a4122f42b50409b0bb9242.webp\" class=\"attachment-large size-large wp-image-102\" alt=\"Tribune Antoine VALENTIN\" srcset=\"https:\/\/www.antoine-valentin.fr\/wp-content\/uploads\/2025\/11\/9ea95d8fe77ba93ad59c4db7252390c1b00dccc607a4122f42b50409b0bb9242.webp 704w, https:\/\/www.antoine-valentin.fr\/wp-content\/uploads\/2025\/11\/9ea95d8fe77ba93ad59c4db7252390c1b00dccc607a4122f42b50409b0bb9242-300x169.webp 300w\" sizes=\"(max-width: 704px) 100vw, 704px\" \/>\t\t\t\t\t\t\t\t<\/a>\n\t\t\t\t\t\t\t\t\t\t\t\t\t\t\t<\/div>\n\t\t\t\t<\/div>\n\t\t\t\t\t<\/div>\n\t\t<\/div>\n\t\t\t\t<div class=\"elementor-column elementor-col-50 elementor-inner-column elementor-element elementor-element-d5e9750\" data-id=\"d5e9750\" data-element_type=\"column\">\n\t\t\t<div class=\"elementor-widget-wrap elementor-element-populated\">\n\t\t\t\t\t\t<div class=\"elementor-element elementor-element-0603857 elementor-widget__width-initial elementor-widget elementor-widget-heading\" data-id=\"0603857\" data-element_type=\"widget\" data-widget_type=\"heading.default\">\n\t\t\t\t<div class=\"elementor-widget-container\">\n\t\t\t\t\t<h2 class=\"elementor-heading-title elementor-size-default\"><a href=\"https:\/\/www.lefigaro.fr\/vox\/societe\/les-terroristes-islamistes-ciblent-aussi-la-france-des-champs-20231208\"><h1 style=\"border: 0px;font-weight: 700;line-height: 1.35714;, Garamond, Palatino, serif;font-size: 1.75rem;margin: 24px 0px 16px;padding: 0px;vertical-align: initial\">\u00abLes terroristes islamistes ciblent aussi la France des champs\u00bb Le Figaro<span style=\"font-family: Roboto, sans-serif;font-size: 2rem\"><\/span><\/h1><\/a><\/h2>\t\t\t\t<\/div>\n\t\t\t\t<\/div>\n\t\t\t\t<div class=\"elementor-element elementor-element-3853715 elementor-widget elementor-widget-text-editor\" data-id=\"3853715\" data-element_type=\"widget\" data-widget_type=\"text-editor.default\">\n\t\t\t\t<div class=\"elementor-widget-container\">\n\t\t\t\t\t\t\t\t\t<p class=\"fig-standfirst\">Six hommes accus\u00e9s de pr\u00e9parer des attentats terroristes islamistes, notamment dans des campagnes, ont \u00e9t\u00e9 renvoy\u00e9s devant la cour d&rsquo;assises des mineurs. Antoine Valentin, maire divers droite d\u2019une petite commune de Haute-Savoie, alerte sur le manque de pr\u00e9sence des forces de l&rsquo;ordre dans les territoires ruraux.<\/p><div class=\"fig-content-body\" data-agora-connect-urls=\"{&quot;baseUrl&quot;:&quot;https:\\\/\\\/connect.lefigaro.fr&quot;}\" data-component=\"fig-content-body\" data-context=\"was @visible\" data-id=\"bGVmaWdhcm8uZnJfXzI1MGZjOTY0LTk1YjUtMTFlZS04Mjk0LWEwMzY5ZjZmN2JjOF9fQXJ0aWNsZQ==\" data-module=\"fig-body\" data-premium=\"false\" data-mrf-recirculation=\"fig-body\">\u00a0<\/div>\t\t\t\t\t\t\t\t<\/div>\n\t\t\t\t<\/div>\n\t\t\t\t\t<\/div>\n\t\t<\/div>\n\t\t\t\t\t<\/div>\n\t\t<\/section>\n\t\t\t\t<div class=\"elementor-element elementor-element-f571c47 elementor-widget elementor-widget-spacer\" data-id=\"f571c47\" data-element_type=\"widget\" data-widget_type=\"spacer.default\">\n\t\t\t\t<div class=\"elementor-widget-container\">\n\t\t\t\t\t\t\t<div class=\"elementor-spacer\">\n\t\t\t<div class=\"elementor-spacer-inner\"><\/div>\n\t\t<\/div>\n\t\t\t\t\t\t<\/div>\n\t\t\t\t<\/div>\n\t\t\t\t\t<\/div>\n\t\t<\/div>\n\t\t\t\t\t<\/div>\n\t\t<\/section>\n\t\t\t\t<section class=\"elementor-section elementor-top-section elementor-element elementor-element-528563b elementor-section-boxed elementor-section-height-default elementor-section-height-default\" data-id=\"528563b\" data-element_type=\"section\">\n\t\t\t\t\t\t<div class=\"elementor-container elementor-column-gap-default\">\n\t\t\t\t\t<div class=\"elementor-column elementor-col-100 elementor-top-column elementor-element elementor-element-cedcc88\" data-id=\"cedcc88\" data-element_type=\"column\">\n\t\t\t<div class=\"elementor-widget-wrap elementor-element-populated\">\n\t\t\t\t\t\t<section class=\"elementor-section elementor-inner-section elementor-element elementor-element-f3aa7cd elementor-section-boxed elementor-section-height-default elementor-section-height-default\" data-id=\"f3aa7cd\" data-element_type=\"section\">\n\t\t\t\t\t\t<div class=\"elementor-container elementor-column-gap-default\">\n\t\t\t\t\t<div class=\"elementor-column elementor-col-50 elementor-inner-column elementor-element elementor-element-8d89316\" data-id=\"8d89316\" data-element_type=\"column\">\n\t\t\t<div class=\"elementor-widget-wrap elementor-element-populated\">\n\t\t\t\t\t\t<div class=\"elementor-element elementor-element-90b135d elementor-widget elementor-widget-image\" data-id=\"90b135d\" data-element_type=\"widget\" data-widget_type=\"image.default\">\n\t\t\t\t<div class=\"elementor-widget-container\">\n\t\t\t\t\t\t\t\t\t\t\t\t\t\t\t\t<a href=\"https:\/\/www.lefigaro.fr\/vox\/societe\/comment-notre-justice-peut-elle-liberer-un-agresseur-sans-en-informer-sa-victime-20250415\">\n\t\t\t\t\t\t\t<img loading=\"lazy\" decoding=\"async\" width=\"704\" height=\"396\" src=\"https:\/\/www.antoine-valentin.fr\/wp-content\/uploads\/2025\/11\/50dfcfac2cc701b03975a5b551804bcd55424f40f981879e52672e73de303032.webp\" class=\"attachment-large size-large wp-image-127\" alt=\"antoine valentin affaire Yanis\" srcset=\"https:\/\/www.antoine-valentin.fr\/wp-content\/uploads\/2025\/11\/50dfcfac2cc701b03975a5b551804bcd55424f40f981879e52672e73de303032.webp 704w, https:\/\/www.antoine-valentin.fr\/wp-content\/uploads\/2025\/11\/50dfcfac2cc701b03975a5b551804bcd55424f40f981879e52672e73de303032-300x169.webp 300w\" sizes=\"(max-width: 704px) 100vw, 704px\" \/>\t\t\t\t\t\t\t\t<\/a>\n\t\t\t\t\t\t\t\t\t\t\t\t\t\t\t<\/div>\n\t\t\t\t<\/div>\n\t\t\t\t\t<\/div>\n\t\t<\/div>\n\t\t\t\t<div class=\"elementor-column elementor-col-50 elementor-inner-column elementor-element elementor-element-afe9f16\" data-id=\"afe9f16\" data-element_type=\"column\">\n\t\t\t<div class=\"elementor-widget-wrap elementor-element-populated\">\n\t\t\t\t\t\t<div class=\"elementor-element elementor-element-4cc296e elementor-widget__width-initial elementor-widget elementor-widget-heading\" data-id=\"4cc296e\" data-element_type=\"widget\" data-widget_type=\"heading.default\">\n\t\t\t\t<div class=\"elementor-widget-container\">\n\t\t\t\t\t<h2 class=\"elementor-heading-title elementor-size-default\"><a href=\"https:\/\/www.lefigaro.fr\/vox\/societe\/comment-notre-justice-peut-elle-liberer-un-agresseur-sans-en-informer-sa-victime-20250415\"><h1 style=\"border: 0px;font-weight: 700;line-height: 1.35714;, Garamond, Palatino, serif;font-size: 1.75rem;margin: 24px 0px 16px;padding: 0px;vertical-align: initial\"><span style=\"font-size: 1.75rem\">\u00abComment notre justice peut-elle lib\u00e9rer un agresseur sans en informer sa victime&nbsp;?<\/span><span style=\"font-size: 1.75rem\">\u00bb Le Figaro<\/span><span style=\"font-family: Roboto, sans-serif;font-size: 2rem\"><\/span><\/h1><\/a><\/h2>\t\t\t\t<\/div>\n\t\t\t\t<\/div>\n\t\t\t\t<div class=\"elementor-element elementor-element-566df36 elementor-widget elementor-widget-text-editor\" data-id=\"566df36\" data-element_type=\"widget\" data-widget_type=\"text-editor.default\">\n\t\t\t\t<div class=\"elementor-widget-container\">\n\t\t\t\t\t\t\t\t\t<p class=\"fig-standfirst\">En Haute-Savoie, un adolescent s\u2019est donn\u00e9 la mort fin mars apr\u00e8s avoir appris que son agresseur sexuel, sorti de prison, habitait pr\u00e8s de chez lui. Pour Antoine Valentin, maire d\u2019une commune voisine, la justice a failli \u00e0 sa mission de protection des plus vuln\u00e9rables.<\/p><div class=\"fig-content-body\" data-agora-connect-urls=\"{&quot;baseUrl&quot;:&quot;https:\\\/\\\/connect.lefigaro.fr&quot;}\" data-component=\"fig-content-body\" data-context=\"was @visible\" data-id=\"bGVmaWdhcm8uZnJfXzI1MGZjOTY0LTk1YjUtMTFlZS04Mjk0LWEwMzY5ZjZmN2JjOF9fQXJ0aWNsZQ==\" data-module=\"fig-body\" data-premium=\"false\" data-mrf-recirculation=\"fig-body\">\u00a0<\/div>\t\t\t\t\t\t\t\t<\/div>\n\t\t\t\t<\/div>\n\t\t\t\t\t<\/div>\n\t\t<\/div>\n\t\t\t\t\t<\/div>\n\t\t<\/section>\n\t\t\t\t<div class=\"elementor-element elementor-element-e2474df elementor-widget elementor-widget-spacer\" data-id=\"e2474df\" data-element_type=\"widget\" data-widget_type=\"spacer.default\">\n\t\t\t\t<div class=\"elementor-widget-container\">\n\t\t\t\t\t\t\t<div class=\"elementor-spacer\">\n\t\t\t<div class=\"elementor-spacer-inner\"><\/div>\n\t\t<\/div>\n\t\t\t\t\t\t<\/div>\n\t\t\t\t<\/div>\n\t\t\t\t\t<\/div>\n\t\t<\/div>\n\t\t\t\t\t<\/div>\n\t\t<\/section>\n\t\t\t\t<section class=\"elementor-section elementor-top-section elementor-element elementor-element-e537106 elementor-section-boxed elementor-section-height-default elementor-section-height-default\" data-id=\"e537106\" data-element_type=\"section\">\n\t\t\t\t\t\t<div class=\"elementor-container elementor-column-gap-default\">\n\t\t\t\t\t<div class=\"elementor-column elementor-col-100 elementor-top-column elementor-element elementor-element-4f38df4\" data-id=\"4f38df4\" data-element_type=\"column\">\n\t\t\t<div class=\"elementor-widget-wrap elementor-element-populated\">\n\t\t\t\t\t\t<section class=\"elementor-section elementor-inner-section elementor-element elementor-element-b4dc1a3 elementor-section-boxed elementor-section-height-default elementor-section-height-default\" data-id=\"b4dc1a3\" data-element_type=\"section\">\n\t\t\t\t\t\t<div class=\"elementor-container elementor-column-gap-default\">\n\t\t\t\t\t<div class=\"elementor-column elementor-col-50 elementor-inner-column elementor-element elementor-element-4185eb7\" data-id=\"4185eb7\" data-element_type=\"column\">\n\t\t\t<div class=\"elementor-widget-wrap elementor-element-populated\">\n\t\t\t\t\t\t<div class=\"elementor-element elementor-element-edc0983 elementor-widget elementor-widget-image\" data-id=\"edc0983\" data-element_type=\"widget\" data-widget_type=\"image.default\">\n\t\t\t\t<div class=\"elementor-widget-container\">\n\t\t\t\t\t\t\t\t\t\t\t\t\t\t\t\t<a href=\"https:\/\/www.lefigaro.fr\/vox\/societe\/educateur-poignarde-par-un-mineur-isole-les-communes-n-ont-plus-les-moyens-de-faire-face-a-l-ensauvagement-20240606\">\n\t\t\t\t\t\t\t<img loading=\"lazy\" decoding=\"async\" width=\"704\" height=\"396\" src=\"https:\/\/www.antoine-valentin.fr\/wp-content\/uploads\/2025\/11\/9ea95d8fe77ba93ad59c4db7252390c1b00dccc607a4122f42b50409b0bb9242.webp\" class=\"attachment-large size-large wp-image-102\" alt=\"Tribune Antoine VALENTIN\" srcset=\"https:\/\/www.antoine-valentin.fr\/wp-content\/uploads\/2025\/11\/9ea95d8fe77ba93ad59c4db7252390c1b00dccc607a4122f42b50409b0bb9242.webp 704w, https:\/\/www.antoine-valentin.fr\/wp-content\/uploads\/2025\/11\/9ea95d8fe77ba93ad59c4db7252390c1b00dccc607a4122f42b50409b0bb9242-300x169.webp 300w\" sizes=\"(max-width: 704px) 100vw, 704px\" \/>\t\t\t\t\t\t\t\t<\/a>\n\t\t\t\t\t\t\t\t\t\t\t\t\t\t\t<\/div>\n\t\t\t\t<\/div>\n\t\t\t\t\t<\/div>\n\t\t<\/div>\n\t\t\t\t<div class=\"elementor-column elementor-col-50 elementor-inner-column elementor-element elementor-element-0856214\" data-id=\"0856214\" data-element_type=\"column\">\n\t\t\t<div class=\"elementor-widget-wrap elementor-element-populated\">\n\t\t\t\t\t\t<div class=\"elementor-element elementor-element-cdcaf45 elementor-widget__width-initial elementor-widget elementor-widget-heading\" data-id=\"cdcaf45\" data-element_type=\"widget\" data-widget_type=\"heading.default\">\n\t\t\t\t<div class=\"elementor-widget-container\">\n\t\t\t\t\t<h2 class=\"elementor-heading-title elementor-size-default\"><a href=\"https:\/\/www.lefigaro.fr\/vox\/societe\/educateur-poignarde-par-un-mineur-isole-les-communes-n-ont-plus-les-moyens-de-faire-face-a-l-ensauvagement-20240606\"><h1 style=\"border: 0px;font-weight: 700;line-height: 1.35714;, Garamond, Palatino, serif;font-size: 1.75rem;margin: 24px 0px 16px;padding: 0px;vertical-align: initial\"><span style=\"font-size: 1.75rem\">\u00c9ducateur poignard\u00e9 par un mineur isol\u00e9&nbsp;: \u00abLes communes n\u2019ont plus les moyens de faire face \u00e0 l\u2019ensauvagement\u00bb<\/span><span style=\"font-size: 1.75rem\">&nbsp;Le Figaro<\/span><span style=\"font-family: Roboto, sans-serif;font-size: 2rem\"><\/span><\/h1><\/a><\/h2>\t\t\t\t<\/div>\n\t\t\t\t<\/div>\n\t\t\t\t<div class=\"elementor-element elementor-element-3edfabf elementor-widget elementor-widget-text-editor\" data-id=\"3edfabf\" data-element_type=\"widget\" data-widget_type=\"text-editor.default\">\n\t\t\t\t<div class=\"elementor-widget-container\">\n\t\t\t\t\t\t\t\t\t<p class=\"fig-standfirst\">Antoine Valentin, maire de Saint-Jeoire (Haute-Savoie), commune \u00e0 laquelle \u00e9tait rattach\u00e9 le centre d&rsquo;accueil d\u2019un mineur isol\u00e9 qui a poignard\u00e9 un \u00e9ducateur, mercredi 5 juin, pointe la responsabilit\u00e9 de l&rsquo;ex\u00e9cutif en mati\u00e8re de lutte contre l\u2019immigration.<\/p><div class=\"fig-content-body\" data-agora-connect-urls=\"{&quot;baseUrl&quot;:&quot;https:\\\/\\\/connect.lefigaro.fr&quot;}\" data-component=\"fig-content-body\" data-context=\"was @visible\" data-id=\"bGVmaWdhcm8uZnJfXzI1MGZjOTY0LTk1YjUtMTFlZS04Mjk0LWEwMzY5ZjZmN2JjOF9fQXJ0aWNsZQ==\" data-module=\"fig-body\" data-premium=\"false\" data-mrf-recirculation=\"fig-body\">\u00a0<\/div>\t\t\t\t\t\t\t\t<\/div>\n\t\t\t\t<\/div>\n\t\t\t\t\t<\/div>\n\t\t<\/div>\n\t\t\t\t\t<\/div>\n\t\t<\/section>\n\t\t\t\t<div class=\"elementor-element elementor-element-c751386 elementor-widget elementor-widget-spacer\" data-id=\"c751386\" data-element_type=\"widget\" data-widget_type=\"spacer.default\">\n\t\t\t\t<div class=\"elementor-widget-container\">\n\t\t\t\t\t\t\t<div class=\"elementor-spacer\">\n\t\t\t<div class=\"elementor-spacer-inner\"><\/div>\n\t\t<\/div>\n\t\t\t\t\t\t<\/div>\n\t\t\t\t<\/div>\n\t\t\t\t\t<\/div>\n\t\t<\/div>\n\t\t\t\t\t<\/div>\n\t\t<\/section>\n\t\t\t\t<\/div>\n\t\t","protected":false},"excerpt":{"rendered":"<p>\u00abFace aux p\u00e9docriminels, la R\u00e9publique ne peut plus trembler et doit engager un tournant brutal\u00bb Le Figaro Les maigres peines dont \u00e9copent les p\u00e9docriminels scellent l\u2019effondrement judiciaire. Antoine Valentin d\u00e9plore un \u00c9tat qui tourne le dos aux victimes les plus vuln\u00e9rables et en appelle \u00e0 un sursaut r\u00e9publicain. \u00abCroix vandalis\u00e9e en Haute-Savoie&nbsp;: quand la R\u00e9publique [&hellip;]<\/p>\n","protected":false},"author":1,"featured_media":15,"parent":0,"menu_order":0,"comment_status":"closed","ping_status":"closed","template":"","meta":{"footnotes":""},"class_list":["post-29","page","type-page","status-publish","has-post-thumbnail","hentry"],"yoast_head":"<!-- This site is optimized with the Yoast SEO plugin v25.6 - https:\/\/yoast.com\/wordpress\/plugins\/seo\/ -->\n<title>Antoine VALENTIN - Tribunes<\/title>\n<meta name=\"description\" content=\"Retrouvez toutes les derni\u00e8res tribunes r\u00e9dig\u00e9es par Antoine Valentin dans diff\u00e9rents m\u00e9dias (JDD, Figaro Vox, etc...)\" \/>\n<meta name=\"robots\" content=\"index, follow, max-snippet:-1, max-image-preview:large, max-video-preview:-1\" \/>\n<link rel=\"canonical\" href=\"https:\/\/www.antoine-valentin.fr\/?page_id=29\" \/>\n<meta property=\"og:locale\" content=\"fr_FR\" \/>\n<meta property=\"og:type\" content=\"article\" \/>\n<meta property=\"og:title\" content=\"Antoine VALENTIN - Tribunes\" \/>\n<meta property=\"og:description\" content=\"Retrouvez toutes les derni\u00e8res tribunes r\u00e9dig\u00e9es par Antoine Valentin dans diff\u00e9rents m\u00e9dias (JDD, Figaro Vox, etc...)\" \/>\n<meta property=\"og:url\" content=\"https:\/\/www.antoine-valentin.fr\/?page_id=29\" \/>\n<meta property=\"og:site_name\" content=\"Antoine VALENTIN\" \/>\n<meta property=\"article:modified_time\" content=\"2025-11-14T09:39:34+00:00\" \/>\n<meta property=\"og:image\" content=\"https:\/\/www.antoine-valentin.fr\/wp-content\/uploads\/2025\/07\/9b765bf6-2ec6-45fb-a160-981c86ecba9c.jpg\" \/>\n\t<meta property=\"og:image:width\" content=\"621\" \/>\n\t<meta property=\"og:image:height\" content=\"803\" \/>\n\t<meta property=\"og:image:type\" content=\"image\/jpeg\" \/>\n<meta name=\"twitter:card\" content=\"summary_large_image\" \/>\n<meta name=\"twitter:label1\" content=\"Dur\u00e9e de lecture estim\u00e9e\" \/>\n\t<meta name=\"twitter:data1\" content=\"3 minutes\" \/>\n<script type=\"application\/ld+json\" class=\"yoast-schema-graph\">{\"@context\":\"https:\/\/schema.org\",\"@graph\":[{\"@type\":\"WebPage\",\"@id\":\"https:\/\/www.antoine-valentin.fr\/?page_id=29\",\"url\":\"https:\/\/www.antoine-valentin.fr\/?page_id=29\",\"name\":\"Antoine VALENTIN - Tribunes\",\"isPartOf\":{\"@id\":\"https:\/\/www.antoine-valentin.fr\/#website\"},\"primaryImageOfPage\":{\"@id\":\"https:\/\/www.antoine-valentin.fr\/?page_id=29#primaryimage\"},\"image\":{\"@id\":\"https:\/\/www.antoine-valentin.fr\/?page_id=29#primaryimage\"},\"thumbnailUrl\":\"https:\/\/www.antoine-valentin.fr\/wp-content\/uploads\/2025\/07\/9b765bf6-2ec6-45fb-a160-981c86ecba9c.jpg\",\"datePublished\":\"2025-08-02T08:47:57+00:00\",\"dateModified\":\"2025-11-14T09:39:34+00:00\",\"description\":\"Retrouvez toutes les derni\u00e8res tribunes r\u00e9dig\u00e9es par Antoine Valentin dans diff\u00e9rents m\u00e9dias (JDD, Figaro Vox, etc...)\",\"breadcrumb\":{\"@id\":\"https:\/\/www.antoine-valentin.fr\/?page_id=29#breadcrumb\"},\"inLanguage\":\"fr-FR\",\"potentialAction\":[{\"@type\":\"ReadAction\",\"target\":[\"https:\/\/www.antoine-valentin.fr\/?page_id=29\"]}]},{\"@type\":\"ImageObject\",\"inLanguage\":\"fr-FR\",\"@id\":\"https:\/\/www.antoine-valentin.fr\/?page_id=29#primaryimage\",\"url\":\"https:\/\/www.antoine-valentin.fr\/wp-content\/uploads\/2025\/07\/9b765bf6-2ec6-45fb-a160-981c86ecba9c.jpg\",\"contentUrl\":\"https:\/\/www.antoine-valentin.fr\/wp-content\/uploads\/2025\/07\/9b765bf6-2ec6-45fb-a160-981c86ecba9c.jpg\",\"width\":621,\"height\":803,\"caption\":\"Antoine VALENTIN politique\"},{\"@type\":\"BreadcrumbList\",\"@id\":\"https:\/\/www.antoine-valentin.fr\/?page_id=29#breadcrumb\",\"itemListElement\":[{\"@type\":\"ListItem\",\"position\":1,\"name\":\"Home\",\"item\":\"https:\/\/www.antoine-valentin.fr\/\"},{\"@type\":\"ListItem\",\"position\":2,\"name\":\"Tribunes\"}]},{\"@type\":\"WebSite\",\"@id\":\"https:\/\/www.antoine-valentin.fr\/#website\",\"url\":\"https:\/\/www.antoine-valentin.fr\/\",\"name\":\"Antoine VALENTIN\",\"description\":\"\ud83c\uddeb\ud83c\uddf7 Elu local engag\u00e9 au service de la Haute-Savoie\",\"potentialAction\":[{\"@type\":\"SearchAction\",\"target\":{\"@type\":\"EntryPoint\",\"urlTemplate\":\"https:\/\/www.antoine-valentin.fr\/?s={search_term_string}\"},\"query-input\":{\"@type\":\"PropertyValueSpecification\",\"valueRequired\":true,\"valueName\":\"search_term_string\"}}],\"inLanguage\":\"fr-FR\"}]}<\/script>\n<!-- \/ Yoast SEO plugin. -->","yoast_head_json":{"title":"Antoine VALENTIN - Tribunes","description":"Retrouvez toutes les derni\u00e8res tribunes r\u00e9dig\u00e9es par Antoine Valentin dans diff\u00e9rents m\u00e9dias (JDD, Figaro Vox, etc...)","robots":{"index":"index","follow":"follow","max-snippet":"max-snippet:-1","max-image-preview":"max-image-preview:large","max-video-preview":"max-video-preview:-1"},"canonical":"https:\/\/www.antoine-valentin.fr\/?page_id=29","og_locale":"fr_FR","og_type":"article","og_title":"Antoine VALENTIN - Tribunes","og_description":"Retrouvez toutes les derni\u00e8res tribunes r\u00e9dig\u00e9es par Antoine Valentin dans diff\u00e9rents m\u00e9dias (JDD, Figaro Vox, etc...)","og_url":"https:\/\/www.antoine-valentin.fr\/?page_id=29","og_site_name":"Antoine VALENTIN","article_modified_time":"2025-11-14T09:39:34+00:00","og_image":[{"width":621,"height":803,"url":"https:\/\/www.antoine-valentin.fr\/wp-content\/uploads\/2025\/07\/9b765bf6-2ec6-45fb-a160-981c86ecba9c.jpg","type":"image\/jpeg"}],"twitter_card":"summary_large_image","twitter_misc":{"Dur\u00e9e de lecture estim\u00e9e":"3 minutes"},"schema":{"@context":"https:\/\/schema.org","@graph":[{"@type":"WebPage","@id":"https:\/\/www.antoine-valentin.fr\/?page_id=29","url":"https:\/\/www.antoine-valentin.fr\/?page_id=29","name":"Antoine VALENTIN - Tribunes","isPartOf":{"@id":"https:\/\/www.antoine-valentin.fr\/#website"},"primaryImageOfPage":{"@id":"https:\/\/www.antoine-valentin.fr\/?page_id=29#primaryimage"},"image":{"@id":"https:\/\/www.antoine-valentin.fr\/?page_id=29#primaryimage"},"thumbnailUrl":"https:\/\/www.antoine-valentin.fr\/wp-content\/uploads\/2025\/07\/9b765bf6-2ec6-45fb-a160-981c86ecba9c.jpg","datePublished":"2025-08-02T08:47:57+00:00","dateModified":"2025-11-14T09:39:34+00:00","description":"Retrouvez toutes les derni\u00e8res tribunes r\u00e9dig\u00e9es par Antoine Valentin dans diff\u00e9rents m\u00e9dias (JDD, Figaro Vox, etc...)","breadcrumb":{"@id":"https:\/\/www.antoine-valentin.fr\/?page_id=29#breadcrumb"},"inLanguage":"fr-FR","potentialAction":[{"@type":"ReadAction","target":["https:\/\/www.antoine-valentin.fr\/?page_id=29"]}]},{"@type":"ImageObject","inLanguage":"fr-FR","@id":"https:\/\/www.antoine-valentin.fr\/?page_id=29#primaryimage","url":"https:\/\/www.antoine-valentin.fr\/wp-content\/uploads\/2025\/07\/9b765bf6-2ec6-45fb-a160-981c86ecba9c.jpg","contentUrl":"https:\/\/www.antoine-valentin.fr\/wp-content\/uploads\/2025\/07\/9b765bf6-2ec6-45fb-a160-981c86ecba9c.jpg","width":621,"height":803,"caption":"Antoine VALENTIN politique"},{"@type":"BreadcrumbList","@id":"https:\/\/www.antoine-valentin.fr\/?page_id=29#breadcrumb","itemListElement":[{"@type":"ListItem","position":1,"name":"Home","item":"https:\/\/www.antoine-valentin.fr\/"},{"@type":"ListItem","position":2,"name":"Tribunes"}]},{"@type":"WebSite","@id":"https:\/\/www.antoine-valentin.fr\/#website","url":"https:\/\/www.antoine-valentin.fr\/","name":"Antoine VALENTIN","description":"\ud83c\uddeb\ud83c\uddf7 Elu local engag\u00e9 au service de la Haute-Savoie","potentialAction":[{"@type":"SearchAction","target":{"@type":"EntryPoint","urlTemplate":"https:\/\/www.antoine-valentin.fr\/?s={search_term_string}"},"query-input":{"@type":"PropertyValueSpecification","valueRequired":true,"valueName":"search_term_string"}}],"inLanguage":"fr-FR"}]}},"jetpack_sharing_enabled":true,"_links":{"self":[{"href":"https:\/\/www.antoine-valentin.fr\/index.php?rest_route=\/wp\/v2\/pages\/29","targetHints":{"allow":["GET"]}}],"collection":[{"href":"https:\/\/www.antoine-valentin.fr\/index.php?rest_route=\/wp\/v2\/pages"}],"about":[{"href":"https:\/\/www.antoine-valentin.fr\/index.php?rest_route=\/wp\/v2\/types\/page"}],"author":[{"embeddable":true,"href":"https:\/\/www.antoine-valentin.fr\/index.php?rest_route=\/wp\/v2\/users\/1"}],"replies":[{"embeddable":true,"href":"https:\/\/www.antoine-valentin.fr\/index.php?rest_route=%2Fwp%2Fv2%2Fcomments&post=29"}],"version-history":[{"count":13,"href":"https:\/\/www.antoine-valentin.fr\/index.php?rest_route=\/wp\/v2\/pages\/29\/revisions"}],"predecessor-version":[{"id":134,"href":"https:\/\/www.antoine-valentin.fr\/index.php?rest_route=\/wp\/v2\/pages\/29\/revisions\/134"}],"wp:featuredmedia":[{"embeddable":true,"href":"https:\/\/www.antoine-valentin.fr\/index.php?rest_route=\/wp\/v2\/media\/15"}],"wp:attachment":[{"href":"https:\/\/www.antoine-valentin.fr\/index.php?rest_route=%2Fwp%2Fv2%2Fmedia&parent=29"}],"curies":[{"name":"wp","href":"https:\/\/api.w.org\/{rel}","templated":true}]}}