{"id":140,"date":"2026-01-21T16:02:00","date_gmt":"2026-01-21T16:02:00","guid":{"rendered":"https:\/\/www.antoine-valentin.fr\/?page_id=140"},"modified":"2026-01-21T16:07:15","modified_gmt":"2026-01-21T16:07:15","slug":"antoine-valentin-2","status":"publish","type":"page","link":"https:\/\/www.antoine-valentin.fr\/","title":{"rendered":"Antoine VALENTIN"},"content":{"rendered":"\t\t<div data-elementor-type=\"wp-page\" data-elementor-id=\"140\" class=\"elementor elementor-140\">\n\t\t\t\t\t\t<section class=\"elementor-section elementor-top-section elementor-element elementor-element-b772030 elementor-section-boxed elementor-section-height-default elementor-section-height-default\" data-id=\"b772030\" data-element_type=\"section\">\n\t\t\t\t\t\t<div class=\"elementor-container elementor-column-gap-default\">\n\t\t\t\t\t<div class=\"elementor-column elementor-col-100 elementor-top-column elementor-element elementor-element-d812143\" data-id=\"d812143\" data-element_type=\"column\">\n\t\t\t<div class=\"elementor-widget-wrap elementor-element-populated\">\n\t\t\t\t\t\t<section class=\"elementor-section elementor-inner-section elementor-element elementor-element-cfbe15d elementor-section-boxed elementor-section-height-default elementor-section-height-default\" data-id=\"cfbe15d\" data-element_type=\"section\">\n\t\t\t\t\t\t<div class=\"elementor-container elementor-column-gap-default\">\n\t\t\t\t\t<div class=\"elementor-column elementor-col-50 elementor-inner-column elementor-element elementor-element-6f7facb\" data-id=\"6f7facb\" data-element_type=\"column\">\n\t\t\t<div class=\"elementor-widget-wrap elementor-element-populated\">\n\t\t\t\t\t\t<div class=\"elementor-element elementor-element-7875144 elementor-widget elementor-widget-image\" data-id=\"7875144\" data-element_type=\"widget\" data-widget_type=\"image.default\">\n\t\t\t\t<div class=\"elementor-widget-container\">\n\t\t\t\t\t\t\t\t\t\t\t\t\t\t\t<img fetchpriority=\"high\" decoding=\"async\" width=\"800\" height=\"799\" src=\"https:\/\/www.antoine-valentin.fr\/wp-content\/uploads\/2025\/07\/490519835_10236589124969953_8312500380015959052_n.jpg\" class=\"attachment-large size-large wp-image-17\" alt=\"Antoine VALENTIN\" srcset=\"https:\/\/www.antoine-valentin.fr\/wp-content\/uploads\/2025\/07\/490519835_10236589124969953_8312500380015959052_n.jpg 859w, https:\/\/www.antoine-valentin.fr\/wp-content\/uploads\/2025\/07\/490519835_10236589124969953_8312500380015959052_n-300x300.jpg 300w, https:\/\/www.antoine-valentin.fr\/wp-content\/uploads\/2025\/07\/490519835_10236589124969953_8312500380015959052_n-150x150.jpg 150w, https:\/\/www.antoine-valentin.fr\/wp-content\/uploads\/2025\/07\/490519835_10236589124969953_8312500380015959052_n-768x767.jpg 768w\" sizes=\"(max-width: 800px) 100vw, 800px\" \/>\t\t\t\t\t\t\t\t\t\t\t\t\t\t\t<\/div>\n\t\t\t\t<\/div>\n\t\t\t\t\t<\/div>\n\t\t<\/div>\n\t\t\t\t<div class=\"elementor-column elementor-col-50 elementor-inner-column elementor-element elementor-element-8112823\" data-id=\"8112823\" data-element_type=\"column\">\n\t\t\t<div class=\"elementor-widget-wrap elementor-element-populated\">\n\t\t\t\t\t\t<div class=\"elementor-element elementor-element-3a07bc0 elementor-widget elementor-widget-heading\" data-id=\"3a07bc0\" data-element_type=\"widget\" data-widget_type=\"heading.default\">\n\t\t\t\t<div class=\"elementor-widget-container\">\n\t\t\t\t\t<h2 class=\"elementor-heading-title elementor-size-default\">Antoine VALENTIN<\/h2>\t\t\t\t<\/div>\n\t\t\t\t<\/div>\n\t\t\t\t<div class=\"elementor-element elementor-element-dfc2621 elementor-widget elementor-widget-text-editor\" data-id=\"dfc2621\" data-element_type=\"widget\" data-widget_type=\"text-editor.default\">\n\t\t\t\t<div class=\"elementor-widget-container\">\n\t\t\t\t\t\t\t\t\t<p>N\u00e9 en\u00a0<strong data-start=\"225\" data-end=\"244\">1992<\/strong> \u00e0 Bonneville, <strong data-start=\"259\" data-end=\"279\">Antoine Valentin<\/strong> a grandi \u00e0 <strong data-start=\"291\" data-end=\"307\">Saint-Jeoire<\/strong>, \u00e9lev\u00e9 par sa m\u00e8re, institutrice de l\u2019\u00e9cole du village. Mari\u00e9 et p\u00e8re de famille, il exerce <b>une activit\u00e9 de chef d&rsquo;entreprise.\u00a0<\/b><\/p><p><b>Apr\u00e8s une scolarit\u00e9 \u00e0 Saint-Jeoire<\/b>, il entre jeune dans le monde du travail par un <strong data-start=\"442\" data-end=\"473\">apprentissage en menuiserie<\/strong> d\u00e8s 15 ans, avant de poursuivre ses \u00e9tudes en alternance jusqu\u2019\u00e0 l\u2019obtention d\u2019un <strong data-start=\"556\" data-end=\"608\">Master II<\/strong>. Engag\u00e9 dans la vie \u00e9conomique locale, il a travaill\u00e9 dans plusieurs secteurs d&rsquo;activit\u00e9, avant de cr\u00e9er sa propre soci\u00e9t\u00e9.<\/p><p>Il est passionn\u00e9 par la montagne, l\u2019Histoire et les lettres.Il est le fondateur le co-organisateur du Saint-Jeoire Trail Festival.\u00a0<b>En 2024, il obtient plus de 40% des voix aux premier tour des \u00e9lections l\u00e9gislatives<\/b><\/p>\t\t\t\t\t\t\t\t<\/div>\n\t\t\t\t<\/div>\n\t\t\t\t\t<\/div>\n\t\t<\/div>\n\t\t\t\t\t<\/div>\n\t\t<\/section>\n\t\t\t\t<div class=\"elementor-element elementor-element-6fad5c8 elementor-widget elementor-widget-spacer\" data-id=\"6fad5c8\" data-element_type=\"widget\" data-widget_type=\"spacer.default\">\n\t\t\t\t<div class=\"elementor-widget-container\">\n\t\t\t\t\t\t\t<div class=\"elementor-spacer\">\n\t\t\t<div class=\"elementor-spacer-inner\"><\/div>\n\t\t<\/div>\n\t\t\t\t\t\t<\/div>\n\t\t\t\t<\/div>\n\t\t\t\t<section class=\"elementor-section elementor-inner-section elementor-element elementor-element-2db6df7 elementor-section-boxed elementor-section-height-default elementor-section-height-default\" data-id=\"2db6df7\" data-element_type=\"section\">\n\t\t\t\t\t\t<div class=\"elementor-container elementor-column-gap-default\">\n\t\t\t\t\t<div class=\"elementor-column elementor-col-50 elementor-inner-column elementor-element elementor-element-e9b68ff\" data-id=\"e9b68ff\" data-element_type=\"column\">\n\t\t\t<div class=\"elementor-widget-wrap elementor-element-populated\">\n\t\t\t\t\t\t<div class=\"elementor-element elementor-element-79b607a elementor-widget elementor-widget-heading\" data-id=\"79b607a\" data-element_type=\"widget\" data-widget_type=\"heading.default\">\n\t\t\t\t<div class=\"elementor-widget-container\">\n\t\t\t\t\t<h2 class=\"elementor-heading-title elementor-size-default\">Maire de Saint-Jeoire<\/h2>\t\t\t\t<\/div>\n\t\t\t\t<\/div>\n\t\t\t\t<div class=\"elementor-element elementor-element-7e2c199 elementor-widget elementor-widget-text-editor\" data-id=\"7e2c199\" data-element_type=\"widget\" data-widget_type=\"text-editor.default\">\n\t\t\t\t<div class=\"elementor-widget-container\">\n\t\t\t\t\t\t\t\t\t<p>\u00c9lu <strong data-start=\"966\" data-end=\"991\">maire de Saint-Jeoire<\/strong> en 2020 \u00e0 27 ans, il devient l\u2019un des plus jeunes maires de Haute-Savoie. \u00c0 la t\u00eate d\u2019une \u00e9quipe renouvel\u00e9e et engag\u00e9e, il impulse une politique de redressement et de modernisation de la commune, pla\u00e7ant la <strong data-start=\"1199\" data-end=\"1290\">protection des services publics, la revitalisation \u00e9conomique et l\u2019exigence de s\u00e9curit\u00e9<\/strong> au c\u0153ur de son action.<\/p><p>Il r\u00e9duit drastiquement les co\u00fbts de fonctionnement de la collectivit\u00e9 afin de developper de nouveau projet<strong> sans augmenter les imp\u00f4ts durant son mandat.<\/strong> Il d\u00e9veloppe notamment un service de <strong>Police Municipale et municipalise le p\u00e9riscolaire. <\/strong>Son mandat et marqu\u00e9 par un <strong>fort volume d&rsquo;investissement coupl\u00e9 au d\u00e9sendettement <\/strong>de la commune.\u00a0\u00a0<\/p><p>Il pr\u00e9side \u00e9galement le <strong data-start=\"1340\" data-end=\"1388\">syndicat intercommunal du Massif des Brasses<\/strong>, o\u00f9 il conduit une politique volontariste de sauvegarde et de relance de la station de ski, menac\u00e9e de disparition. \u00c0 ce titre, il est reconnu pour son attachement \u00e0 l\u2019\u00e9quilibre entre d\u00e9veloppement \u00e9conomique, patrimoine rural et enjeux environnementaux.<\/p>\t\t\t\t\t\t\t\t<\/div>\n\t\t\t\t<\/div>\n\t\t\t\t\t<\/div>\n\t\t<\/div>\n\t\t\t\t<div class=\"elementor-column elementor-col-50 elementor-inner-column elementor-element elementor-element-05dc048\" data-id=\"05dc048\" data-element_type=\"column\">\n\t\t\t<div class=\"elementor-widget-wrap elementor-element-populated\">\n\t\t\t\t\t\t<div class=\"elementor-element elementor-element-ae7aecd elementor-widget elementor-widget-image\" data-id=\"ae7aecd\" data-element_type=\"widget\" data-widget_type=\"image.default\">\n\t\t\t\t<div class=\"elementor-widget-container\">\n\t\t\t\t\t\t\t\t\t\t\t\t\t\t\t<img decoding=\"async\" width=\"768\" height=\"930\" src=\"https:\/\/www.antoine-valentin.fr\/wp-content\/uploads\/2025\/11\/IMG_7421-768x930.jpg\" class=\"attachment-medium_large size-medium_large wp-image-120\" alt=\"Antoine valentin parti\" srcset=\"https:\/\/www.antoine-valentin.fr\/wp-content\/uploads\/2025\/11\/IMG_7421-768x930.jpg 768w, https:\/\/www.antoine-valentin.fr\/wp-content\/uploads\/2025\/11\/IMG_7421-248x300.jpg 248w, https:\/\/www.antoine-valentin.fr\/wp-content\/uploads\/2025\/11\/IMG_7421-846x1024.jpg 846w, https:\/\/www.antoine-valentin.fr\/wp-content\/uploads\/2025\/11\/IMG_7421.jpg 1179w\" sizes=\"(max-width: 768px) 100vw, 768px\" \/>\t\t\t\t\t\t\t\t\t\t\t\t\t\t\t<\/div>\n\t\t\t\t<\/div>\n\t\t\t\t<div class=\"elementor-element elementor-element-6816eb6 elementor-align-center elementor-widget elementor-widget-button\" data-id=\"6816eb6\" data-element_type=\"widget\" data-widget_type=\"button.default\">\n\t\t\t\t<div class=\"elementor-widget-container\">\n\t\t\t\t\t\t\t\t\t<div class=\"elementor-button-wrapper\">\n\t\t\t\t\t<a class=\"elementor-button elementor-button-link elementor-size-sm\" href=\"https:\/\/www.antoine-valentin.fr\/?page_id=29\">\n\t\t\t\t\t\t<span class=\"elementor-button-content-wrapper\">\n\t\t\t\t\t\t\t\t\t<span class=\"elementor-button-text\">Lire les tribunes d'Antoine VALENTIN<\/span>\n\t\t\t\t\t<\/span>\n\t\t\t\t\t<\/a>\n\t\t\t\t<\/div>\n\t\t\t\t\t\t\t\t<\/div>\n\t\t\t\t<\/div>\n\t\t\t\t\t<\/div>\n\t\t<\/div>\n\t\t\t\t\t<\/div>\n\t\t<\/section>\n\t\t\t\t<div class=\"elementor-element elementor-element-394fdc6 elementor-widget elementor-widget-spacer\" data-id=\"394fdc6\" data-element_type=\"widget\" data-widget_type=\"spacer.default\">\n\t\t\t\t<div class=\"elementor-widget-container\">\n\t\t\t\t\t\t\t<div class=\"elementor-spacer\">\n\t\t\t<div class=\"elementor-spacer-inner\"><\/div>\n\t\t<\/div>\n\t\t\t\t\t\t<\/div>\n\t\t\t\t<\/div>\n\t\t\t\t<section class=\"elementor-section elementor-inner-section elementor-element elementor-element-98adb3d elementor-section-boxed elementor-section-height-default elementor-section-height-default\" data-id=\"98adb3d\" data-element_type=\"section\">\n\t\t\t\t\t\t<div class=\"elementor-container elementor-column-gap-default\">\n\t\t\t\t\t<div class=\"elementor-column elementor-col-50 elementor-inner-column elementor-element elementor-element-629c2af\" data-id=\"629c2af\" data-element_type=\"column\">\n\t\t\t<div class=\"elementor-widget-wrap elementor-element-populated\">\n\t\t\t\t\t\t<div class=\"elementor-element elementor-element-0f2929b elementor-widget elementor-widget-image\" data-id=\"0f2929b\" data-element_type=\"widget\" data-widget_type=\"image.default\">\n\t\t\t\t<div class=\"elementor-widget-container\">\n\t\t\t\t\t\t\t\t\t\t\t\t\t\t\t<img decoding=\"async\" width=\"800\" height=\"533\" src=\"https:\/\/www.antoine-valentin.fr\/wp-content\/uploads\/2025\/11\/PHOTO-2025-11-13-11-16-44-1024x682.jpg\" class=\"attachment-large size-large wp-image-113\" alt=\"Antoine valentin\" srcset=\"https:\/\/www.antoine-valentin.fr\/wp-content\/uploads\/2025\/11\/PHOTO-2025-11-13-11-16-44-1024x682.jpg 1024w, https:\/\/www.antoine-valentin.fr\/wp-content\/uploads\/2025\/11\/PHOTO-2025-11-13-11-16-44-300x200.jpg 300w, https:\/\/www.antoine-valentin.fr\/wp-content\/uploads\/2025\/11\/PHOTO-2025-11-13-11-16-44-768x512.jpg 768w, https:\/\/www.antoine-valentin.fr\/wp-content\/uploads\/2025\/11\/PHOTO-2025-11-13-11-16-44.jpg 1280w\" sizes=\"(max-width: 800px) 100vw, 800px\" \/>\t\t\t\t\t\t\t\t\t\t\t\t\t\t\t<\/div>\n\t\t\t\t<\/div>\n\t\t\t\t\t<\/div>\n\t\t<\/div>\n\t\t\t\t<div class=\"elementor-column elementor-col-50 elementor-inner-column elementor-element elementor-element-303ecd4\" data-id=\"303ecd4\" data-element_type=\"column\">\n\t\t\t<div class=\"elementor-widget-wrap elementor-element-populated\">\n\t\t\t\t\t\t<div class=\"elementor-element elementor-element-887b029 elementor-widget elementor-widget-heading\" data-id=\"887b029\" data-element_type=\"widget\" data-widget_type=\"heading.default\">\n\t\t\t\t<div class=\"elementor-widget-container\">\n\t\t\t\t\t<h2 class=\"elementor-heading-title elementor-size-default\">Politicae<\/h2>\t\t\t\t<\/div>\n\t\t\t\t<\/div>\n\t\t\t\t<div class=\"elementor-element elementor-element-aae2ecf elementor-widget elementor-widget-text-editor\" data-id=\"aae2ecf\" data-element_type=\"widget\" data-widget_type=\"text-editor.default\">\n\t\t\t\t<div class=\"elementor-widget-container\">\n\t\t\t\t\t\t\t\t\t<p>En 2023, il cofonde <strong data-start=\"1757\" data-end=\"1770\">Politicae<\/strong>, une plateforme d\u2019accompagnement des \u00e9lus et candidats engag\u00e9s pour leur territoire. L\u2019objectif : transmettre les savoir-faire du terrain, offrir des outils concrets et favoriser l\u2019\u00e9mergence de <strong data-start=\"1965\" data-end=\"2026\">nouvelles vocations politiques enracin\u00e9es et responsables<\/strong>.<\/p><p>Politicae s\u2019adresse aux maires, aux adjoints, aux conseillers municipaux ou aux candidats, sans distinction partisane, avec une exigence : celle de replacer l\u2019engagement local au c\u0153ur de la R\u00e9publique.Le succ\u00e8s de la plateforme \u2013 qui a form\u00e9 et accompagn\u00e9 des centaines d\u2019\u00e9lus \u2013 t\u00e9moigne d\u2019une aspiration profonde \u00e0 r\u00e9armer les territoires et \u00e0 r\u00e9habiliter l\u2019action politique de proximit\u00e9.<\/p>\t\t\t\t\t\t\t\t<\/div>\n\t\t\t\t<\/div>\n\t\t\t\t\t<\/div>\n\t\t<\/div>\n\t\t\t\t\t<\/div>\n\t\t<\/section>\n\t\t\t\t\t<\/div>\n\t\t<\/div>\n\t\t\t\t\t<\/div>\n\t\t<\/section>\n\t\t\t\t<\/div>\n\t\t","protected":false},"excerpt":{"rendered":"<p>Antoine VALENTIN N\u00e9 en\u00a01992 \u00e0 Bonneville, Antoine Valentin a grandi \u00e0 Saint-Jeoire, \u00e9lev\u00e9 par sa m\u00e8re, institutrice de l\u2019\u00e9cole du village. Mari\u00e9 et p\u00e8re de famille, il exerce une activit\u00e9 de chef d&rsquo;entreprise.\u00a0 Apr\u00e8s une scolarit\u00e9 \u00e0 Saint-Jeoire, il entre jeune dans le monde du travail par un apprentissage en menuiserie d\u00e8s 15 ans, avant [&hellip;]<\/p>\n","protected":false},"author":1,"featured_media":33,"parent":0,"menu_order":0,"comment_status":"closed","ping_status":"closed","template":"","meta":{"footnotes":""},"class_list":["post-140","page","type-page","status-publish","has-post-thumbnail","hentry"],"yoast_head":"<!-- This site is optimized with the Yoast SEO plugin v25.6 - https:\/\/yoast.com\/wordpress\/plugins\/seo\/ -->\n<title>Le site officiel d&#039;Antoine Valentin<\/title>\n<meta name=\"description\" content=\"Antoine Valentin est Maire de Saint-Jeoire, il est candidat aux \u00e9lections l\u00e9gislatives 2026 pour l&#039;Union des droites\" \/>\n<meta name=\"robots\" content=\"index, follow, max-snippet:-1, max-image-preview:large, max-video-preview:-1\" \/>\n<link rel=\"canonical\" href=\"https:\/\/www.antoine-valentin.fr\/\" \/>\n<meta property=\"og:locale\" content=\"fr_FR\" \/>\n<meta property=\"og:type\" content=\"article\" \/>\n<meta property=\"og:title\" content=\"Le site officiel d&#039;Antoine Valentin\" \/>\n<meta property=\"og:description\" content=\"Antoine Valentin est Maire de Saint-Jeoire, il est candidat aux \u00e9lections l\u00e9gislatives 2026 pour l&#039;Union des droites\" \/>\n<meta property=\"og:url\" content=\"https:\/\/www.antoine-valentin.fr\/\" \/>\n<meta property=\"og:site_name\" content=\"Antoine VALENTIN\" \/>\n<meta property=\"article:modified_time\" content=\"2026-01-21T16:07:15+00:00\" \/>\n<meta property=\"og:image\" content=\"https:\/\/www.antoine-valentin.fr\/wp-content\/uploads\/2025\/07\/cropped-490519835_10236589124969953_8312500380015959052_n.jpg\" \/>\n\t<meta property=\"og:image:width\" content=\"512\" \/>\n\t<meta property=\"og:image:height\" content=\"512\" \/>\n\t<meta property=\"og:image:type\" content=\"image\/jpeg\" \/>\n<meta name=\"twitter:card\" content=\"summary_large_image\" \/>\n<meta name=\"twitter:label1\" content=\"Dur\u00e9e de lecture estim\u00e9e\" \/>\n\t<meta name=\"twitter:data1\" content=\"3 minutes\" \/>\n<script type=\"application\/ld+json\" class=\"yoast-schema-graph\">{\"@context\":\"https:\/\/schema.org\",\"@graph\":[{\"@type\":\"WebPage\",\"@id\":\"https:\/\/www.antoine-valentin.fr\/\",\"url\":\"https:\/\/www.antoine-valentin.fr\/\",\"name\":\"Le site officiel d'Antoine Valentin\",\"isPartOf\":{\"@id\":\"https:\/\/www.antoine-valentin.fr\/#website\"},\"primaryImageOfPage\":{\"@id\":\"https:\/\/www.antoine-valentin.fr\/#primaryimage\"},\"image\":{\"@id\":\"https:\/\/www.antoine-valentin.fr\/#primaryimage\"},\"thumbnailUrl\":\"https:\/\/www.antoine-valentin.fr\/wp-content\/uploads\/2025\/07\/cropped-490519835_10236589124969953_8312500380015959052_n.jpg\",\"datePublished\":\"2026-01-21T16:02:00+00:00\",\"dateModified\":\"2026-01-21T16:07:15+00:00\",\"description\":\"Antoine Valentin est Maire de Saint-Jeoire, il est candidat aux \u00e9lections l\u00e9gislatives 2026 pour l'Union des droites\",\"breadcrumb\":{\"@id\":\"https:\/\/www.antoine-valentin.fr\/#breadcrumb\"},\"inLanguage\":\"fr-FR\",\"potentialAction\":[{\"@type\":\"ReadAction\",\"target\":[\"https:\/\/www.antoine-valentin.fr\/\"]}]},{\"@type\":\"ImageObject\",\"inLanguage\":\"fr-FR\",\"@id\":\"https:\/\/www.antoine-valentin.fr\/#primaryimage\",\"url\":\"https:\/\/www.antoine-valentin.fr\/wp-content\/uploads\/2025\/07\/cropped-490519835_10236589124969953_8312500380015959052_n.jpg\",\"contentUrl\":\"https:\/\/www.antoine-valentin.fr\/wp-content\/uploads\/2025\/07\/cropped-490519835_10236589124969953_8312500380015959052_n.jpg\",\"width\":512,\"height\":512,\"caption\":\"Antoine VALENTIN\"},{\"@type\":\"BreadcrumbList\",\"@id\":\"https:\/\/www.antoine-valentin.fr\/#breadcrumb\",\"itemListElement\":[{\"@type\":\"ListItem\",\"position\":1,\"name\":\"Home\",\"item\":\"https:\/\/www.antoine-valentin.fr\/\"},{\"@type\":\"ListItem\",\"position\":2,\"name\":\"Antoine VALENTIN\"}]},{\"@type\":\"WebSite\",\"@id\":\"https:\/\/www.antoine-valentin.fr\/#website\",\"url\":\"https:\/\/www.antoine-valentin.fr\/\",\"name\":\"Antoine VALENTIN\",\"description\":\"\ud83c\uddeb\ud83c\uddf7 Elu local engag\u00e9 au service de la Haute-Savoie\",\"potentialAction\":[{\"@type\":\"SearchAction\",\"target\":{\"@type\":\"EntryPoint\",\"urlTemplate\":\"https:\/\/www.antoine-valentin.fr\/?s={search_term_string}\"},\"query-input\":{\"@type\":\"PropertyValueSpecification\",\"valueRequired\":true,\"valueName\":\"search_term_string\"}}],\"inLanguage\":\"fr-FR\"}]}<\/script>\n<!-- \/ Yoast SEO plugin. -->","yoast_head_json":{"title":"Le site officiel d'Antoine Valentin","description":"Antoine Valentin est Maire de Saint-Jeoire, il est candidat aux \u00e9lections l\u00e9gislatives 2026 pour l'Union des droites","robots":{"index":"index","follow":"follow","max-snippet":"max-snippet:-1","max-image-preview":"max-image-preview:large","max-video-preview":"max-video-preview:-1"},"canonical":"https:\/\/www.antoine-valentin.fr\/","og_locale":"fr_FR","og_type":"article","og_title":"Le site officiel d'Antoine Valentin","og_description":"Antoine Valentin est Maire de Saint-Jeoire, il est candidat aux \u00e9lections l\u00e9gislatives 2026 pour l'Union des droites","og_url":"https:\/\/www.antoine-valentin.fr\/","og_site_name":"Antoine VALENTIN","article_modified_time":"2026-01-21T16:07:15+00:00","og_image":[{"width":512,"height":512,"url":"https:\/\/www.antoine-valentin.fr\/wp-content\/uploads\/2025\/07\/cropped-490519835_10236589124969953_8312500380015959052_n.jpg","type":"image\/jpeg"}],"twitter_card":"summary_large_image","twitter_misc":{"Dur\u00e9e de lecture estim\u00e9e":"3 minutes"},"schema":{"@context":"https:\/\/schema.org","@graph":[{"@type":"WebPage","@id":"https:\/\/www.antoine-valentin.fr\/","url":"https:\/\/www.antoine-valentin.fr\/","name":"Le site officiel d'Antoine Valentin","isPartOf":{"@id":"https:\/\/www.antoine-valentin.fr\/#website"},"primaryImageOfPage":{"@id":"https:\/\/www.antoine-valentin.fr\/#primaryimage"},"image":{"@id":"https:\/\/www.antoine-valentin.fr\/#primaryimage"},"thumbnailUrl":"https:\/\/www.antoine-valentin.fr\/wp-content\/uploads\/2025\/07\/cropped-490519835_10236589124969953_8312500380015959052_n.jpg","datePublished":"2026-01-21T16:02:00+00:00","dateModified":"2026-01-21T16:07:15+00:00","description":"Antoine Valentin est Maire de Saint-Jeoire, il est candidat aux \u00e9lections l\u00e9gislatives 2026 pour l'Union des droites","breadcrumb":{"@id":"https:\/\/www.antoine-valentin.fr\/#breadcrumb"},"inLanguage":"fr-FR","potentialAction":[{"@type":"ReadAction","target":["https:\/\/www.antoine-valentin.fr\/"]}]},{"@type":"ImageObject","inLanguage":"fr-FR","@id":"https:\/\/www.antoine-valentin.fr\/#primaryimage","url":"https:\/\/www.antoine-valentin.fr\/wp-content\/uploads\/2025\/07\/cropped-490519835_10236589124969953_8312500380015959052_n.jpg","contentUrl":"https:\/\/www.antoine-valentin.fr\/wp-content\/uploads\/2025\/07\/cropped-490519835_10236589124969953_8312500380015959052_n.jpg","width":512,"height":512,"caption":"Antoine VALENTIN"},{"@type":"BreadcrumbList","@id":"https:\/\/www.antoine-valentin.fr\/#breadcrumb","itemListElement":[{"@type":"ListItem","position":1,"name":"Home","item":"https:\/\/www.antoine-valentin.fr\/"},{"@type":"ListItem","position":2,"name":"Antoine VALENTIN"}]},{"@type":"WebSite","@id":"https:\/\/www.antoine-valentin.fr\/#website","url":"https:\/\/www.antoine-valentin.fr\/","name":"Antoine VALENTIN","description":"\ud83c\uddeb\ud83c\uddf7 Elu local engag\u00e9 au service de la Haute-Savoie","potentialAction":[{"@type":"SearchAction","target":{"@type":"EntryPoint","urlTemplate":"https:\/\/www.antoine-valentin.fr\/?s={search_term_string}"},"query-input":{"@type":"PropertyValueSpecification","valueRequired":true,"valueName":"search_term_string"}}],"inLanguage":"fr-FR"}]}},"jetpack_sharing_enabled":true,"_links":{"self":[{"href":"https:\/\/www.antoine-valentin.fr\/index.php?rest_route=\/wp\/v2\/pages\/140","targetHints":{"allow":["GET"]}}],"collection":[{"href":"https:\/\/www.antoine-valentin.fr\/index.php?rest_route=\/wp\/v2\/pages"}],"about":[{"href":"https:\/\/www.antoine-valentin.fr\/index.php?rest_route=\/wp\/v2\/types\/page"}],"author":[{"embeddable":true,"href":"https:\/\/www.antoine-valentin.fr\/index.php?rest_route=\/wp\/v2\/users\/1"}],"replies":[{"embeddable":true,"href":"https:\/\/www.antoine-valentin.fr\/index.php?rest_route=%2Fwp%2Fv2%2Fcomments&post=140"}],"version-history":[{"count":2,"href":"https:\/\/www.antoine-valentin.fr\/index.php?rest_route=\/wp\/v2\/pages\/140\/revisions"}],"predecessor-version":[{"id":152,"href":"https:\/\/www.antoine-valentin.fr\/index.php?rest_route=\/wp\/v2\/pages\/140\/revisions\/152"}],"wp:featuredmedia":[{"embeddable":true,"href":"https:\/\/www.antoine-valentin.fr\/index.php?rest_route=\/wp\/v2\/media\/33"}],"wp:attachment":[{"href":"https:\/\/www.antoine-valentin.fr\/index.php?rest_route=%2Fwp%2Fv2%2Fmedia&parent=140"}],"curies":[{"name":"wp","href":"https:\/\/api.w.org\/{rel}","templated":true}]}}