{"id":12,"date":"2025-07-31T11:26:39","date_gmt":"2025-07-31T11:26:39","guid":{"rendered":"https:\/\/www.antoine-valentin.fr\/?page_id=12"},"modified":"2026-01-21T16:11:59","modified_gmt":"2026-01-21T16:11:59","slug":"antoine-valentin-2026","status":"publish","type":"page","link":"https:\/\/www.antoine-valentin.fr\/?page_id=12","title":{"rendered":"L\u00e9gislatives 2026 Antoine Valentin"},"content":{"rendered":"\t\t<div data-elementor-type=\"wp-page\" data-elementor-id=\"12\" class=\"elementor elementor-12\">\n\t\t\t\t\t\t<section class=\"elementor-section elementor-top-section elementor-element elementor-element-8a5f513 elementor-section-boxed elementor-section-height-default elementor-section-height-default\" data-id=\"8a5f513\" data-element_type=\"section\">\n\t\t\t\t\t\t<div class=\"elementor-container elementor-column-gap-default\">\n\t\t\t\t\t<div class=\"elementor-column elementor-col-100 elementor-top-column elementor-element elementor-element-d9ff137\" data-id=\"d9ff137\" data-element_type=\"column\">\n\t\t\t<div class=\"elementor-widget-wrap elementor-element-populated\">\n\t\t\t\t\t\t<div class=\"elementor-element elementor-element-644615d elementor-widget elementor-widget-spacer\" data-id=\"644615d\" data-element_type=\"widget\" data-widget_type=\"spacer.default\">\n\t\t\t\t<div class=\"elementor-widget-container\">\n\t\t\t\t\t\t\t<div class=\"elementor-spacer\">\n\t\t\t<div class=\"elementor-spacer-inner\"><\/div>\n\t\t<\/div>\n\t\t\t\t\t\t<\/div>\n\t\t\t\t<\/div>\n\t\t\t\t\t<\/div>\n\t\t<\/div>\n\t\t\t\t\t<\/div>\n\t\t<\/section>\n\t\t\t\t<section class=\"elementor-section elementor-top-section elementor-element elementor-element-b772030 elementor-section-boxed elementor-section-height-default elementor-section-height-default\" data-id=\"b772030\" data-element_type=\"section\">\n\t\t\t\t\t\t<div class=\"elementor-container elementor-column-gap-default\">\n\t\t\t\t\t<div class=\"elementor-column elementor-col-100 elementor-top-column elementor-element elementor-element-d812143\" data-id=\"d812143\" data-element_type=\"column\">\n\t\t\t<div class=\"elementor-widget-wrap elementor-element-populated\">\n\t\t\t\t\t\t<section class=\"elementor-section elementor-inner-section elementor-element elementor-element-cfbe15d elementor-section-boxed elementor-section-height-default elementor-section-height-default\" data-id=\"cfbe15d\" data-element_type=\"section\">\n\t\t\t\t\t\t<div class=\"elementor-container elementor-column-gap-default\">\n\t\t\t\t\t<div class=\"elementor-column elementor-col-50 elementor-inner-column elementor-element elementor-element-6f7facb\" data-id=\"6f7facb\" data-element_type=\"column\">\n\t\t\t<div class=\"elementor-widget-wrap elementor-element-populated\">\n\t\t\t\t\t\t<div class=\"elementor-element elementor-element-7875144 elementor-widget elementor-widget-image\" data-id=\"7875144\" data-element_type=\"widget\" data-widget_type=\"image.default\">\n\t\t\t\t<div class=\"elementor-widget-container\">\n\t\t\t\t\t\t\t\t\t\t\t\t\t\t\t<img fetchpriority=\"high\" decoding=\"async\" width=\"724\" height=\"1024\" src=\"https:\/\/www.antoine-valentin.fr\/wp-content\/uploads\/2026\/01\/1-724x1024.jpg\" class=\"attachment-large size-large wp-image-142\" alt=\"Antoine Valentin l\u00e9gislatives 2026 Haute-Savoie UDR RN\" srcset=\"https:\/\/www.antoine-valentin.fr\/wp-content\/uploads\/2026\/01\/1-724x1024.jpg 724w, https:\/\/www.antoine-valentin.fr\/wp-content\/uploads\/2026\/01\/1-212x300.jpg 212w, https:\/\/www.antoine-valentin.fr\/wp-content\/uploads\/2026\/01\/1-768x1087.jpg 768w, https:\/\/www.antoine-valentin.fr\/wp-content\/uploads\/2026\/01\/1-1086x1536.jpg 1086w, https:\/\/www.antoine-valentin.fr\/wp-content\/uploads\/2026\/01\/1.jpg 1123w\" sizes=\"(max-width: 724px) 100vw, 724px\" \/>\t\t\t\t\t\t\t\t\t\t\t\t\t\t\t<\/div>\n\t\t\t\t<\/div>\n\t\t\t\t<div class=\"elementor-element elementor-element-e9f4e3e elementor-align-center elementor-widget elementor-widget-button\" data-id=\"e9f4e3e\" data-element_type=\"widget\" data-widget_type=\"button.default\">\n\t\t\t\t<div class=\"elementor-widget-container\">\n\t\t\t\t\t\t\t\t\t<div class=\"elementor-button-wrapper\">\n\t\t\t\t\t<a class=\"elementor-button elementor-button-link elementor-size-sm\" href=\"https:\/\/www.antoine-valentin.fr\/wp-content\/uploads\/2026\/01\/Circulaire-2026-2.pdf\" target=\"_blank\">\n\t\t\t\t\t\t<span class=\"elementor-button-content-wrapper\">\n\t\t\t\t\t\t\t\t\t<span class=\"elementor-button-text\">T\u00e9l\u00e9charger la profession de foi<\/span>\n\t\t\t\t\t<\/span>\n\t\t\t\t\t<\/a>\n\t\t\t\t<\/div>\n\t\t\t\t\t\t\t\t<\/div>\n\t\t\t\t<\/div>\n\t\t\t\t<div class=\"elementor-element elementor-element-35530e9 elementor-align-center elementor-widget elementor-widget-button\" data-id=\"35530e9\" data-element_type=\"widget\" data-widget_type=\"button.default\">\n\t\t\t\t<div class=\"elementor-widget-container\">\n\t\t\t\t\t\t\t\t\t<div class=\"elementor-button-wrapper\">\n\t\t\t\t\t<a class=\"elementor-button elementor-button-link elementor-size-sm\" href=\"https:\/\/www.antoine-valentin.fr\/wp-content\/uploads\/2026\/01\/Bulletin-de-vote-2026-Antoine-VALENTIN-VF.jpg\" target=\"_blank\">\n\t\t\t\t\t\t<span class=\"elementor-button-content-wrapper\">\n\t\t\t\t\t\t\t\t\t<span class=\"elementor-button-text\">Visualiser le bulletin<\/span>\n\t\t\t\t\t<\/span>\n\t\t\t\t\t<\/a>\n\t\t\t\t<\/div>\n\t\t\t\t\t\t\t\t<\/div>\n\t\t\t\t<\/div>\n\t\t\t\t\t<\/div>\n\t\t<\/div>\n\t\t\t\t<div class=\"elementor-column elementor-col-50 elementor-inner-column elementor-element elementor-element-8112823\" data-id=\"8112823\" data-element_type=\"column\">\n\t\t\t<div class=\"elementor-widget-wrap elementor-element-populated\">\n\t\t\t\t\t\t<div class=\"elementor-element elementor-element-3a07bc0 elementor-widget elementor-widget-heading\" data-id=\"3a07bc0\" data-element_type=\"widget\" data-widget_type=\"heading.default\">\n\t\t\t\t<div class=\"elementor-widget-container\">\n\t\t\t\t\t<h2 class=\"elementor-heading-title elementor-size-default\">Elections l\u00e9gislatives partielles 2026 - Troisi\u00e8me circonscription de Haute-Savoie<\/h2>\t\t\t\t<\/div>\n\t\t\t\t<\/div>\n\t\t\t\t<div class=\"elementor-element elementor-element-dfc2621 elementor-widget elementor-widget-text-editor\" data-id=\"dfc2621\" data-element_type=\"widget\" data-widget_type=\"text-editor.default\">\n\t\t\t\t<div class=\"elementor-widget-container\">\n\t\t\t\t\t\t\t\t\t<p class=\"cvGsUA direction-ltr align-justify para-style-body\"><span class=\"a_GcMg font-feature-liga-off font-feature-clig-off font-feature-calt-off text-decoration-none text-strikethrough-none\">Vous \u00eates<\/span><span class=\"a_GcMg font-feature-liga-off font-feature-clig-off font-feature-calt-off text-decoration-none text-strikethrough-none\"> appel\u00e9s \u00e0 \u00e9lire votre d\u00e9put\u00e9<\/span><span class=\"a_GcMg font-feature-liga-off font-feature-clig-off font-feature-calt-off text-decoration-none text-strikethrough-none\">, un parlementaire de terrain, fid\u00e8le \u00e0 ses convictions et <\/span><span class=\"a_GcMg font-feature-liga-off font-feature-clig-off font-feature-calt-off text-decoration-none text-strikethrough-none\">pleinement engag\u00e9 pour d\u00e9fendre \u00e0 Paris<\/span> <span class=\"a_GcMg font-feature-liga-off font-feature-clig-off font-feature-calt-off text-decoration-none text-strikethrough-none\">notre circonscription.<\/span><\/p><p class=\"cvGsUA direction-ltr align-justify para-style-body\"><strong><span class=\"a_GcMg font-feature-liga-off font-feature-clig-off font-feature-calt-off text-decoration-none text-strikethrough-none\">Maire de Saint-Jeoire depuis 2020, chef d\u2019entreprise, mari\u00e9 et p\u00e8re de famille<\/span><\/strong><span class=\"a_GcMg font-feature-liga-off font-feature-clig-off font-feature-calt-off text-decoration-none text-strikethrough-none\">, je suis un \u00e9lu enracin\u00e9, attach\u00e9 \u00e0 la parole donn\u00e9e et au service de l\u2019int\u00e9r\u00eat g\u00e9n\u00e9ral. Depuis des ann\u00e9es, je suis pr\u00e9sent \u00e0 vos c\u00f4t\u00e9s, dans nos communes, aupr\u00e8s des familles, des \u00e9lus locaux, des forces vives et des acteurs \u00e9conomiques. <\/span><span class=\"a_GcMg font-feature-liga-off font-feature-clig-off font-feature-calt-off text-decoration-none text-strikethrough-none\">Je crois \u00e0 l\u2019action concr\u00e8te, \u00e0 la proximit\u00e9 et \u00e0 la responsabilit\u00e9.<\/span><\/p><p class=\"cvGsUA direction-ltr align-justify para-style-body\"><strong><span class=\"a_GcMg font-feature-liga-off font-feature-clig-off font-feature-calt-off text-decoration-none text-strikethrough-none\">Comme maire, <\/span><span class=\"a_GcMg font-feature-liga-off font-feature-clig-off font-feature-calt-off text-decoration-none text-strikethrough-none\">je n\u2019ai jamais augment\u00e9 les imp\u00f4ts locaux<\/span><span class=\"a_GcMg font-feature-liga-off font-feature-clig-off font-feature-calt-off text-decoration-none text-strikethrough-none\">. J\u2019ai r\u00e9duit la d\u00e9pense publique de ma commune, assaini sa gestion et <\/span><\/strong><span class=\"a_GcMg font-feature-liga-off font-feature-clig-off font-feature-calt-off text-decoration-none text-strikethrough-none\"><strong>obtenu des r\u00e9sultats tangibles en mati\u00e8re de s\u00e9curit\u00e9,<\/strong> avec une baisse significative de la d\u00e9linquance.<\/span><span class=\"a_GcMg font-feature-liga-off font-feature-clig-off font-feature-calt-off text-decoration-none text-strikethrough-none\"> Cette ligne claire, faite de rigueur, d\u2019ordre et de bon sens, je veux la porter \u00e0 l\u2019Assembl\u00e9e nationale.<\/span><\/p><p class=\"cvGsUA direction-ltr align-justify para-style-body\"><span class=\"a_GcMg font-feature-liga-off font-feature-clig-off font-feature-calt-off text-decoration-none text-strikethrough-none\">Au premier tour des \u00e9lections l\u00e9gislatives de juin 2024, vous <\/span><span class=\"a_GcMg font-feature-liga-off font-feature-clig-off font-feature-calt-off text-decoration-none text-strikethrough-none\">m\u2019avez plac\u00e9 tr\u00e8s largement en t\u00eate<\/span><span class=\"a_GcMg font-feature-liga-off font-feature-clig-off font-feature-calt-off text-decoration-none text-strikethrough-none\">. Cette dynamique populaire a \u00e9t\u00e9 stopp\u00e9e au second tour par une alliance contre-nature r\u00e9unissant l\u2019extr\u00eame gauche, la macronie et une partie des LR. Aujourd\u2019hui,<strong> je suis <\/strong><\/span><strong><span class=\"a_GcMg font-feature-liga-off font-feature-clig-off font-feature-calt-off text-decoration-none text-strikethrough-none\">le seul candidat \u00e0 incarner une droite coh\u00e9rente, assum\u00e9e et fid\u00e8le \u00e0 ses valeurs<\/span><\/strong><span class=\"a_GcMg font-feature-liga-off font-feature-clig-off font-feature-calt-off text-decoration-none text-strikethrough-none\"><strong>, sans compromis ni reniement.<\/strong> Cette ligne claire, je la porte avec d\u00e9termination et apaisement.<\/span><\/p>\t\t\t\t\t\t\t\t<\/div>\n\t\t\t\t<\/div>\n\t\t\t\t\t<\/div>\n\t\t<\/div>\n\t\t\t\t\t<\/div>\n\t\t<\/section>\n\t\t\t\t<div class=\"elementor-element elementor-element-6fad5c8 elementor-widget elementor-widget-spacer\" data-id=\"6fad5c8\" data-element_type=\"widget\" data-widget_type=\"spacer.default\">\n\t\t\t\t<div class=\"elementor-widget-container\">\n\t\t\t\t\t\t\t<div class=\"elementor-spacer\">\n\t\t\t<div class=\"elementor-spacer-inner\"><\/div>\n\t\t<\/div>\n\t\t\t\t\t\t<\/div>\n\t\t\t\t<\/div>\n\t\t\t\t<div class=\"elementor-element elementor-element-394fdc6 elementor-widget elementor-widget-spacer\" data-id=\"394fdc6\" data-element_type=\"widget\" data-widget_type=\"spacer.default\">\n\t\t\t\t<div class=\"elementor-widget-container\">\n\t\t\t\t\t\t\t<div class=\"elementor-spacer\">\n\t\t\t<div class=\"elementor-spacer-inner\"><\/div>\n\t\t<\/div>\n\t\t\t\t\t\t<\/div>\n\t\t\t\t<\/div>\n\t\t\t\t<section class=\"elementor-section elementor-inner-section elementor-element elementor-element-98adb3d elementor-section-boxed elementor-section-height-default elementor-section-height-default\" data-id=\"98adb3d\" data-element_type=\"section\">\n\t\t\t\t\t\t<div class=\"elementor-container elementor-column-gap-default\">\n\t\t\t\t\t<div class=\"elementor-column elementor-col-50 elementor-inner-column elementor-element elementor-element-629c2af\" data-id=\"629c2af\" data-element_type=\"column\">\n\t\t\t<div class=\"elementor-widget-wrap elementor-element-populated\">\n\t\t\t\t\t\t<div class=\"elementor-element elementor-element-0f2929b elementor-widget elementor-widget-image\" data-id=\"0f2929b\" data-element_type=\"widget\" data-widget_type=\"image.default\">\n\t\t\t\t<div class=\"elementor-widget-container\">\n\t\t\t\t\t\t\t\t\t\t\t\t\t\t\t<img decoding=\"async\" width=\"724\" height=\"1024\" src=\"https:\/\/www.antoine-valentin.fr\/wp-content\/uploads\/2026\/01\/Circulaire-2026-724x1024.jpg\" class=\"attachment-large size-large wp-image-143\" alt=\"Profession de foi Antoine VALENTIN UDR RN\" srcset=\"https:\/\/www.antoine-valentin.fr\/wp-content\/uploads\/2026\/01\/Circulaire-2026-724x1024.jpg 724w, https:\/\/www.antoine-valentin.fr\/wp-content\/uploads\/2026\/01\/Circulaire-2026-212x300.jpg 212w, https:\/\/www.antoine-valentin.fr\/wp-content\/uploads\/2026\/01\/Circulaire-2026-768x1086.jpg 768w, https:\/\/www.antoine-valentin.fr\/wp-content\/uploads\/2026\/01\/Circulaire-2026-1086x1536.jpg 1086w, https:\/\/www.antoine-valentin.fr\/wp-content\/uploads\/2026\/01\/Circulaire-2026.jpg 1414w\" sizes=\"(max-width: 724px) 100vw, 724px\" \/>\t\t\t\t\t\t\t\t\t\t\t\t\t\t\t<\/div>\n\t\t\t\t<\/div>\n\t\t\t\t\t<\/div>\n\t\t<\/div>\n\t\t\t\t<div class=\"elementor-column elementor-col-50 elementor-inner-column elementor-element elementor-element-303ecd4\" data-id=\"303ecd4\" data-element_type=\"column\">\n\t\t\t<div class=\"elementor-widget-wrap elementor-element-populated\">\n\t\t\t\t\t\t<div class=\"elementor-element elementor-element-aae2ecf elementor-widget elementor-widget-text-editor\" data-id=\"aae2ecf\" data-element_type=\"widget\" data-widget_type=\"text-editor.default\">\n\t\t\t\t<div class=\"elementor-widget-container\">\n\t\t\t\t\t\t\t\t\t<p class=\"cvGsUA direction-ltr align-justify para-style-body\"><span class=\"a_GcMg font-feature-liga-off font-feature-clig-off font-feature-calt-off text-decoration-none text-strikethrough-none\">Je veux <strong>porter votre voix <\/strong><\/span><strong><span class=\"a_GcMg font-feature-liga-off font-feature-clig-off font-feature-calt-off text-decoration-none text-strikethrough-none\">pour d\u00e9fendre notre tissu industriel et artisanal<\/span><span class=\"a_GcMg font-feature-liga-off font-feature-clig-off font-feature-calt-off text-decoration-none text-strikethrough-none\">, <\/span><span class=\"a_GcMg font-feature-liga-off font-feature-clig-off font-feature-calt-off text-decoration-none text-strikethrough-none\">garantir la s\u00e9curit\u00e9<\/span><span class=\"a_GcMg font-feature-liga-off font-feature-clig-off font-feature-calt-off text-decoration-none text-strikethrough-none\"> dans nos communes, pr\u00e9server nos traditions et notre identit\u00e9, prot\u00e9ger <\/span><span class=\"a_GcMg font-feature-liga-off font-feature-clig-off font-feature-calt-off text-decoration-none text-strikethrough-none\">le pouvoir d\u2019achat<\/span><\/strong><span class=\"a_GcMg font-feature-liga-off font-feature-clig-off font-feature-calt-off text-decoration-none text-strikethrough-none\"> et assurer une <\/span><span class=\"a_GcMg font-feature-liga-off font-feature-clig-off font-feature-calt-off text-decoration-none text-strikethrough-none\">juste consid\u00e9ration \u00e0 <strong>nos retrait\u00e9s<\/strong><\/span><span class=\"a_GcMg font-feature-liga-off font-feature-clig-off font-feature-calt-off text-decoration-none text-strikethrough-none\">, qui ont tant donn\u00e9 \u00e0 la nation. <strong>Je n\u2019oublie pas non plus les frontaliers,<\/strong> ni celles et ceux qui vivent et travaillent en Haute-Savoie, confront\u00e9s \u00e0 un co\u00fbt de la vie devenu trop lourd pour les familles.<\/span><\/p><p class=\"cvGsUA direction-ltr align-justify para-style-body\"><span class=\"a_GcMg font-feature-liga-off font-feature-clig-off font-feature-calt-off text-decoration-none text-strikethrough-none\">Je veux \u00eatre l<strong>e d\u00e9put\u00e9<\/strong><\/span><strong><span class=\"a_GcMg font-feature-liga-off font-feature-clig-off font-feature-calt-off text-decoration-none text-strikethrough-none\"> des agriculteurs, des soignants, des classes moyennes, des ouvriers de notre industrie du d\u00e9colletage, des retrait\u00e9s, des frontaliers, des entrepreneurs et des professions lib\u00e9rales, des fonctionnaires silencieux et <\/span><\/strong><span class=\"a_GcMg font-feature-liga-off font-feature-clig-off font-feature-calt-off text-decoration-none text-strikethrough-none\"><strong>de cette France qui travaille,<\/strong> respecte les r\u00e8gles et se sent trop souvent ignor\u00e9e<\/span><span class=\"a_GcMg font-feature-liga-off font-feature-clig-off font-feature-calt-off text-decoration-none text-strikethrough-none\"> par les \u00e9lites politiques et m\u00e9diatiques.<\/span><\/p><p class=\"cvGsUA direction-ltr align-justify para-style-body\"><strong><span class=\"a_GcMg font-feature-liga-off font-feature-clig-off font-feature-calt-off text-decoration-none text-strikethrough-none\">La d\u00e9fense de votre pouvoir d\u2019achat sera une priorit\u00e9 absolue.<\/span><\/strong> <span class=\"a_GcMg font-feature-liga-off font-feature-clig-off font-feature-calt-off text-decoration-none text-strikethrough-none\">Je voterai <\/span><span class=\"a_GcMg font-feature-liga-off font-feature-clig-off font-feature-calt-off text-strikethrough-none text-decoration-underline\">contre<\/span><span class=\"a_GcMg font-feature-liga-off font-feature-clig-off font-feature-calt-off text-strikethrough-none text-decoration-none\"> toute augmentation d\u2019imp\u00f4ts<\/span><span class=\"a_GcMg font-feature-liga-off font-feature-clig-off font-feature-calt-off text-strikethrough-none text-decoration-none\"> et je d\u00e9fendrai syst\u00e9matiquement la baisse de la d\u00e9pense publique, seule voie s\u00e9rieuse pour redresser notre pays sans \u00e9craser ceux qui produisent et travaillent.<\/span><\/p><p class=\"cvGsUA direction-ltr align-justify para-style-body\"><span class=\"a_GcMg font-feature-liga-off font-feature-clig-off font-feature-calt-off text-decoration-none text-strikethrough-none\">Ce scrutin est d\u00e9terminant pour l\u2019avenir de notre territoire et de la France. <strong>Votre vote comptera. <\/strong><\/span><span class=\"a_GcMg font-feature-liga-off font-feature-clig-off font-feature-calt-off text-decoration-none text-strikethrough-none\">Votre mobilisation sera d\u00e9cisive. Ne laissez pas les autres d\u00e9cider \u00e0 votre place.<\/span><strong><span class=\"a_GcMg font-feature-liga-off font-feature-clig-off font-feature-calt-off text-decoration-none text-strikethrough-none\"> Ensemble, faisons gagner nos id\u00e9es.<\/span><\/strong><\/p>\t\t\t\t\t\t\t\t<\/div>\n\t\t\t\t<\/div>\n\t\t\t\t\t<\/div>\n\t\t<\/div>\n\t\t\t\t\t<\/div>\n\t\t<\/section>\n\t\t\t\t\t<\/div>\n\t\t<\/div>\n\t\t\t\t\t<\/div>\n\t\t<\/section>\n\t\t\t\t<\/div>\n\t\t","protected":false},"excerpt":{"rendered":"<p>T\u00e9l\u00e9charger la profession de foi Visualiser le bulletin Elections l\u00e9gislatives partielles 2026 &#8211; Troisi\u00e8me circonscription de Haute-Savoie Vous \u00eates appel\u00e9s \u00e0 \u00e9lire votre d\u00e9put\u00e9, un parlementaire de terrain, fid\u00e8le \u00e0 ses convictions et pleinement engag\u00e9 pour d\u00e9fendre \u00e0 Paris notre circonscription. Maire de Saint-Jeoire depuis 2020, chef d\u2019entreprise, mari\u00e9 et p\u00e8re de famille, je suis [&hellip;]<\/p>\n","protected":false},"author":1,"featured_media":0,"parent":0,"menu_order":0,"comment_status":"closed","ping_status":"closed","template":"","meta":{"footnotes":""},"class_list":["post-12","page","type-page","status-publish","hentry"],"yoast_head":"<!-- This site is optimized with the Yoast SEO plugin v25.6 - https:\/\/yoast.com\/wordpress\/plugins\/seo\/ -->\n<title>Antoine VALENTIN - L\u00e9gislatives 2026<\/title>\n<meta name=\"description\" content=\"Antoine Valentin est maire de Saint-Jeoire. Depuis 2020et candidat aux \u00e9lections l\u00e9gislatives partielles pour l&#039;Union des Droites\" \/>\n<meta name=\"robots\" content=\"index, follow, max-snippet:-1, max-image-preview:large, max-video-preview:-1\" \/>\n<link rel=\"canonical\" href=\"https:\/\/www.antoine-valentin.fr\/?page_id=12\" \/>\n<meta property=\"og:locale\" content=\"fr_FR\" \/>\n<meta property=\"og:type\" content=\"article\" \/>\n<meta property=\"og:title\" content=\"Antoine VALENTIN - L\u00e9gislatives 2026\" \/>\n<meta property=\"og:description\" content=\"Antoine Valentin est maire de Saint-Jeoire. Depuis 2020et candidat aux \u00e9lections l\u00e9gislatives partielles pour l&#039;Union des Droites\" \/>\n<meta property=\"og:url\" content=\"https:\/\/www.antoine-valentin.fr\/?page_id=12\" \/>\n<meta property=\"og:site_name\" content=\"Antoine VALENTIN\" \/>\n<meta property=\"article:modified_time\" content=\"2026-01-21T16:11:59+00:00\" \/>\n<meta property=\"og:image\" content=\"https:\/\/www.antoine-valentin.fr\/wp-content\/uploads\/2026\/01\/1.jpg\" \/>\n\t<meta property=\"og:image:width\" content=\"1123\" \/>\n\t<meta property=\"og:image:height\" content=\"1589\" \/>\n\t<meta property=\"og:image:type\" content=\"image\/jpeg\" \/>\n<meta name=\"twitter:card\" content=\"summary_large_image\" \/>\n<meta name=\"twitter:label1\" content=\"Dur\u00e9e de lecture estim\u00e9e\" \/>\n\t<meta name=\"twitter:data1\" content=\"3 minutes\" \/>\n<script type=\"application\/ld+json\" class=\"yoast-schema-graph\">{\"@context\":\"https:\/\/schema.org\",\"@graph\":[{\"@type\":\"WebPage\",\"@id\":\"https:\/\/www.antoine-valentin.fr\/?page_id=12\",\"url\":\"https:\/\/www.antoine-valentin.fr\/?page_id=12\",\"name\":\"Antoine VALENTIN - L\u00e9gislatives 2026\",\"isPartOf\":{\"@id\":\"https:\/\/www.antoine-valentin.fr\/#website\"},\"primaryImageOfPage\":{\"@id\":\"https:\/\/www.antoine-valentin.fr\/?page_id=12#primaryimage\"},\"image\":{\"@id\":\"https:\/\/www.antoine-valentin.fr\/?page_id=12#primaryimage\"},\"thumbnailUrl\":\"https:\/\/www.antoine-valentin.fr\/wp-content\/uploads\/2026\/01\/1-724x1024.jpg\",\"datePublished\":\"2025-07-31T11:26:39+00:00\",\"dateModified\":\"2026-01-21T16:11:59+00:00\",\"description\":\"Antoine Valentin est maire de Saint-Jeoire. Depuis 2020et candidat aux \u00e9lections l\u00e9gislatives partielles pour l'Union des Droites\",\"breadcrumb\":{\"@id\":\"https:\/\/www.antoine-valentin.fr\/?page_id=12#breadcrumb\"},\"inLanguage\":\"fr-FR\",\"potentialAction\":[{\"@type\":\"ReadAction\",\"target\":[\"https:\/\/www.antoine-valentin.fr\/?page_id=12\"]}]},{\"@type\":\"ImageObject\",\"inLanguage\":\"fr-FR\",\"@id\":\"https:\/\/www.antoine-valentin.fr\/?page_id=12#primaryimage\",\"url\":\"https:\/\/www.antoine-valentin.fr\/wp-content\/uploads\/2026\/01\/1.jpg\",\"contentUrl\":\"https:\/\/www.antoine-valentin.fr\/wp-content\/uploads\/2026\/01\/1.jpg\",\"width\":1123,\"height\":1589,\"caption\":\"Antoine Valentin l\u00e9gislatives 2026 Haute-Savoie UDR RN\"},{\"@type\":\"BreadcrumbList\",\"@id\":\"https:\/\/www.antoine-valentin.fr\/?page_id=12#breadcrumb\",\"itemListElement\":[{\"@type\":\"ListItem\",\"position\":1,\"name\":\"Home\",\"item\":\"https:\/\/www.antoine-valentin.fr\/\"},{\"@type\":\"ListItem\",\"position\":2,\"name\":\"L\u00e9gislatives 2026 Antoine Valentin\"}]},{\"@type\":\"WebSite\",\"@id\":\"https:\/\/www.antoine-valentin.fr\/#website\",\"url\":\"https:\/\/www.antoine-valentin.fr\/\",\"name\":\"Antoine VALENTIN\",\"description\":\"\ud83c\uddeb\ud83c\uddf7 Elu local engag\u00e9 au service de la Haute-Savoie\",\"potentialAction\":[{\"@type\":\"SearchAction\",\"target\":{\"@type\":\"EntryPoint\",\"urlTemplate\":\"https:\/\/www.antoine-valentin.fr\/?s={search_term_string}\"},\"query-input\":{\"@type\":\"PropertyValueSpecification\",\"valueRequired\":true,\"valueName\":\"search_term_string\"}}],\"inLanguage\":\"fr-FR\"}]}<\/script>\n<!-- \/ Yoast SEO plugin. -->","yoast_head_json":{"title":"Antoine VALENTIN - L\u00e9gislatives 2026","description":"Antoine Valentin est maire de Saint-Jeoire. Depuis 2020et candidat aux \u00e9lections l\u00e9gislatives partielles pour l'Union des Droites","robots":{"index":"index","follow":"follow","max-snippet":"max-snippet:-1","max-image-preview":"max-image-preview:large","max-video-preview":"max-video-preview:-1"},"canonical":"https:\/\/www.antoine-valentin.fr\/?page_id=12","og_locale":"fr_FR","og_type":"article","og_title":"Antoine VALENTIN - L\u00e9gislatives 2026","og_description":"Antoine Valentin est maire de Saint-Jeoire. Depuis 2020et candidat aux \u00e9lections l\u00e9gislatives partielles pour l'Union des Droites","og_url":"https:\/\/www.antoine-valentin.fr\/?page_id=12","og_site_name":"Antoine VALENTIN","article_modified_time":"2026-01-21T16:11:59+00:00","og_image":[{"width":1123,"height":1589,"url":"https:\/\/www.antoine-valentin.fr\/wp-content\/uploads\/2026\/01\/1.jpg","type":"image\/jpeg"}],"twitter_card":"summary_large_image","twitter_misc":{"Dur\u00e9e de lecture estim\u00e9e":"3 minutes"},"schema":{"@context":"https:\/\/schema.org","@graph":[{"@type":"WebPage","@id":"https:\/\/www.antoine-valentin.fr\/?page_id=12","url":"https:\/\/www.antoine-valentin.fr\/?page_id=12","name":"Antoine VALENTIN - L\u00e9gislatives 2026","isPartOf":{"@id":"https:\/\/www.antoine-valentin.fr\/#website"},"primaryImageOfPage":{"@id":"https:\/\/www.antoine-valentin.fr\/?page_id=12#primaryimage"},"image":{"@id":"https:\/\/www.antoine-valentin.fr\/?page_id=12#primaryimage"},"thumbnailUrl":"https:\/\/www.antoine-valentin.fr\/wp-content\/uploads\/2026\/01\/1-724x1024.jpg","datePublished":"2025-07-31T11:26:39+00:00","dateModified":"2026-01-21T16:11:59+00:00","description":"Antoine Valentin est maire de Saint-Jeoire. Depuis 2020et candidat aux \u00e9lections l\u00e9gislatives partielles pour l'Union des Droites","breadcrumb":{"@id":"https:\/\/www.antoine-valentin.fr\/?page_id=12#breadcrumb"},"inLanguage":"fr-FR","potentialAction":[{"@type":"ReadAction","target":["https:\/\/www.antoine-valentin.fr\/?page_id=12"]}]},{"@type":"ImageObject","inLanguage":"fr-FR","@id":"https:\/\/www.antoine-valentin.fr\/?page_id=12#primaryimage","url":"https:\/\/www.antoine-valentin.fr\/wp-content\/uploads\/2026\/01\/1.jpg","contentUrl":"https:\/\/www.antoine-valentin.fr\/wp-content\/uploads\/2026\/01\/1.jpg","width":1123,"height":1589,"caption":"Antoine Valentin l\u00e9gislatives 2026 Haute-Savoie UDR RN"},{"@type":"BreadcrumbList","@id":"https:\/\/www.antoine-valentin.fr\/?page_id=12#breadcrumb","itemListElement":[{"@type":"ListItem","position":1,"name":"Home","item":"https:\/\/www.antoine-valentin.fr\/"},{"@type":"ListItem","position":2,"name":"L\u00e9gislatives 2026 Antoine Valentin"}]},{"@type":"WebSite","@id":"https:\/\/www.antoine-valentin.fr\/#website","url":"https:\/\/www.antoine-valentin.fr\/","name":"Antoine VALENTIN","description":"\ud83c\uddeb\ud83c\uddf7 Elu local engag\u00e9 au service de la Haute-Savoie","potentialAction":[{"@type":"SearchAction","target":{"@type":"EntryPoint","urlTemplate":"https:\/\/www.antoine-valentin.fr\/?s={search_term_string}"},"query-input":{"@type":"PropertyValueSpecification","valueRequired":true,"valueName":"search_term_string"}}],"inLanguage":"fr-FR"}]}},"jetpack_sharing_enabled":true,"_links":{"self":[{"href":"https:\/\/www.antoine-valentin.fr\/index.php?rest_route=\/wp\/v2\/pages\/12","targetHints":{"allow":["GET"]}}],"collection":[{"href":"https:\/\/www.antoine-valentin.fr\/index.php?rest_route=\/wp\/v2\/pages"}],"about":[{"href":"https:\/\/www.antoine-valentin.fr\/index.php?rest_route=\/wp\/v2\/types\/page"}],"author":[{"embeddable":true,"href":"https:\/\/www.antoine-valentin.fr\/index.php?rest_route=\/wp\/v2\/users\/1"}],"replies":[{"embeddable":true,"href":"https:\/\/www.antoine-valentin.fr\/index.php?rest_route=%2Fwp%2Fv2%2Fcomments&post=12"}],"version-history":[{"count":41,"href":"https:\/\/www.antoine-valentin.fr\/index.php?rest_route=\/wp\/v2\/pages\/12\/revisions"}],"predecessor-version":[{"id":158,"href":"https:\/\/www.antoine-valentin.fr\/index.php?rest_route=\/wp\/v2\/pages\/12\/revisions\/158"}],"wp:attachment":[{"href":"https:\/\/www.antoine-valentin.fr\/index.php?rest_route=%2Fwp%2Fv2%2Fmedia&parent=12"}],"curies":[{"name":"wp","href":"https:\/\/api.w.org\/{rel}","templated":true}]}}